{"id":11529,"date":"2026-04-21T15:44:59","date_gmt":"2026-04-21T13:44:59","guid":{"rendered":"https:\/\/lestempssauvages.fr\/?post_type=tribe_events&#038;p=11529"},"modified":"2026-04-21T15:45:01","modified_gmt":"2026-04-21T13:45:01","slug":"culture-low-cost-derniere-demarque-rencontre-avec-arnaud-idelon-le-jeudi-11-juin-a-19h","status":"publish","type":"tribe_events","link":"https:\/\/lestempssauvages.fr\/index.php\/event\/culture-low-cost-derniere-demarque-rencontre-avec-arnaud-idelon-le-jeudi-11-juin-a-19h\/","title":{"rendered":"Culture low cost. Derni\u00e8re d\u00e9marque. Rencontre avec Arnaud Idelon le jeudi 11 juin \u00e0 19h"},"content":{"rendered":"<div  class=\"tribe-events-schedule tribe-clearfix\" >\n\t<p class=\"tribe-events-schedule__datetime\">\n\t\t<span class=\"tribe-events-schedule__date tribe-events-schedule__date--start\">\n\t\t\t11 juin\t\t<\/span>\n\n\t\t\t\t\t<span class=\"tribe-events-schedule__separator tribe-events-schedule__separator--date\">\n\t\t\t\t @ \t\t\t<\/span>\n\t\t\t<span class=\"tribe-events-schedule__time tribe-events-schedule__time--start\">\n\t\t\t\t19h00\t\t\t<\/span>\n\t\t\n\t\t\t\t\t\t\t\t\t<span class=\"tribe-events-schedule__separator tribe-events-schedule__separator--time\">\n\t\t\t\t\t &#8211; \t\t\t\t<\/span>\n\t\t\t\n\t\t\t\t\t\t\t<span class=\"tribe-events-schedule__time tribe-events-schedule__time--end\">\n\t\t\t\t\t21h00\t\t\t\t<\/span>\n\t\t\t\n\t\t\t\t\t\t<\/p>\n<\/div>\n\n\n\n<div class=\"wp-block-columns is-layout-flex wp-container-core-columns-is-layout-28f84493 wp-block-columns-is-layout-flex\">\n<div class=\"wp-block-column is-layout-flow wp-block-column-is-layout-flow\">\n<p>Mont\u00e9e des populismes, backlash \u00e9cologique et social, regain de la censure : les acteurs de la culture ont fort \u00e0 faire pour ne pas c\u00e9der de terrain aux id\u00e9ologies r\u00e9actionnaires, qui ont d\u00e9j\u00e0 conquis la presse et l&rsquo;\u00e9dition. Tandis qu&rsquo;un monopole des imaginaires s&rsquo;instille avec l&rsquo;IA g\u00e9n\u00e9rative, des coupes budg\u00e9taires mettent \u00e0 genoux le monde associatif et le service public. Pourtant, les mondes de la culture se r\u00e9inventent dans les interstices des formes de r\u00e9sistance, comme autant de motifs d&rsquo;espoir pour composer avec les d\u00e9fis qui s&rsquo;annoncent.<\/p>\n<\/div>\n\n\n\n<div class=\"wp-block-column is-layout-flow wp-block-column-is-layout-flow\">\n<figure class=\"wp-block-image size-large\"><img loading=\"lazy\" decoding=\"async\" width=\"614\" height=\"1024\" src=\"https:\/\/lestempssauvages.fr\/wp-content\/uploads\/2026\/04\/69d92d13b4e98dcc790af65e_culture-1510-614x1024.webp\" alt=\"\" class=\"wp-image-11530\" srcset=\"https:\/\/lestempssauvages.fr\/wp-content\/uploads\/2026\/04\/69d92d13b4e98dcc790af65e_culture-1510-614x1024.webp 614w, https:\/\/lestempssauvages.fr\/wp-content\/uploads\/2026\/04\/69d92d13b4e98dcc790af65e_culture-1510-180x300.webp 180w, https:\/\/lestempssauvages.fr\/wp-content\/uploads\/2026\/04\/69d92d13b4e98dcc790af65e_culture-1510-768x1280.webp 768w, https:\/\/lestempssauvages.fr\/wp-content\/uploads\/2026\/04\/69d92d13b4e98dcc790af65e_culture-1510-921x1536.webp 921w, https:\/\/lestempssauvages.fr\/wp-content\/uploads\/2026\/04\/69d92d13b4e98dcc790af65e_culture-1510-1229x2048.webp 1229w, https:\/\/lestempssauvages.fr\/wp-content\/uploads\/2026\/04\/69d92d13b4e98dcc790af65e_culture-1510-1320x2200.webp 1320w, https:\/\/lestempssauvages.fr\/wp-content\/uploads\/2026\/04\/69d92d13b4e98dcc790af65e_culture-1510.webp 1510w\" sizes=\"auto, (max-width: 614px) 100vw, 614px\" \/><\/figure>\n<\/div>\n<\/div>\n\n\n\n<p><em>Arnaud Idelon est auteur, journaliste et programmateur. Il est l&rsquo;auteur de fictions et essais qu&rsquo;il fait exister dans des revues, objets graphiques, recueils de po\u00e8mes, performances, films ou installations sonores. Il enseigne \u00e0 l\u2019Ecole des Arts de l\u2019Universit\u00e9 Paris 1 &#8211; Panth\u00e9on Sorbonne comme ma\u00eetre de conf\u00e9rence associ\u00e9, est cofondateur et programmateur du Sample, \u00e0 Bagnolet, et du festival de po\u00e9sie et performance Sturmfrei.<\/em><\/p>\n\n\n<div  class=\"tribe-block tribe-block__event-price\" >\n\t\t<\/div>\n\n\n\n\n<div  class=\"tribe-block tribe-block__venue tribe-clearfix\" >\n\t\n\t\t\n\t<\/div>\n\n\n\n\n\t<div  class=\"tribe-block tribe-block__events-link\" >\n\t\t<div class=\"tribe-events tribe-common\">\n\t\t\t<div class=\"tribe-events-c-subscribe-dropdown__container\">\n\t\t\t\t<div class=\"tribe-events-c-subscribe-dropdown\">\n\t\t\t\t\t<div class=\"tribe-common-c-btn-border tribe-events-c-subscribe-dropdown__button\">\n\t\t\t\t\t\t<svg\n\t class=\"tribe-common-c-svgicon tribe-common-c-svgicon--cal-export tribe-events-c-subscribe-dropdown__export-icon\" \taria-hidden=\"true\"\n\tviewBox=\"0 0 23 17\"\n\txmlns=\"http:\/\/www.w3.org\/2000\/svg\"\n>\n\t<path fill-rule=\"evenodd\" clip-rule=\"evenodd\" d=\"M.128.896V16.13c0 .211.145.383.323.383h15.354c.179 0 .323-.172.323-.383V.896c0-.212-.144-.383-.323-.383H.451C.273.513.128.684.128.896Zm16 6.742h-.901V4.679H1.009v10.729h14.218v-3.336h.901V7.638ZM1.01 1.614h14.218v2.058H1.009V1.614Z\" \/>\n\t<path d=\"M20.5 9.846H8.312M18.524 6.953l2.89 2.909-2.855 2.855\" stroke-width=\"1.2\" stroke-linecap=\"round\" stroke-linejoin=\"round\"\/>\n<\/svg>\n\t\t\t\t\t\t<button\n\t\t\t\t\t\t\tclass=\"tribe-events-c-subscribe-dropdown__button-text\"\n\t\t\t\t\t\t\taria-expanded=\"false\"\n\t\t\t\t\t\t\taria-controls=\"tribe-events-subscribe-dropdown-content\"\n\t\t\t\t\t\t\taria-label=\"Afficher les liens permettant d\u2019ajouter des \u00e9v\u00e8nements \u00e0 votre calendrier\"\n\t\t\t\t\t\t>\n\t\t\t\t\t\t\tAjouter au calendrier\t\t\t\t\t\t<\/button>\n\t\t\t\t\t\t<svg\n\t class=\"tribe-common-c-svgicon tribe-common-c-svgicon--caret-down tribe-events-c-subscribe-dropdown__button-icon\" \taria-hidden=\"true\"\n\tviewBox=\"0 0 10 7\"\n\txmlns=\"http:\/\/www.w3.org\/2000\/svg\"\n>\n\t<path fill-rule=\"evenodd\" clip-rule=\"evenodd\" d=\"M1.008.609L5 4.6 8.992.61l.958.958L5 6.517.05 1.566l.958-.958z\" class=\"tribe-common-c-svgicon__svg-fill\"\/>\n<\/svg>\n\t\t\t\t\t<\/div>\n\t\t\t\t\t<div id=\"tribe-events-subscribe-dropdown-content\" class=\"tribe-events-c-subscribe-dropdown__content\">\n\t\t\t\t\t\t<ul class=\"tribe-events-c-subscribe-dropdown__list\">\n\t\t\t\t\t\t\t\t\t\t\t\t\t\t\t<li class=\"tribe-events-c-subscribe-dropdown__list-item tribe-events-c-subscribe-dropdown__list-item--gcal\">\n\t\t\t\t\t\t\t\t\t<a\n\t\t\t\t\t\t\t\t\t\thref=\"https:\/\/www.google.com\/calendar\/event?action=TEMPLATE&#038;dates=20260611T190000\/20260611T210000&#038;text=Culture%20low%20cost.%20Derni%C3%A8re%20d%C3%A9marque.%20Rencontre%20avec%20Arnaud%20Idelon%20le%20jeudi%2011%20juin%20%C3%A0%2019h&#038;details=%3Cdiv+class%3D%22wp-block-columns%22%3E%3Cdiv+class%3D%22wp-block-column%22%3E%3Cp%3EMont%C3%A9e+des+populismes%2C+backlash+%C3%A9cologique+et+social%2C+regain+de+la+censure+%3A+les+acteurs+de+la+culture+ont+fort+%C3%A0+faire+pour+ne+pas+c%C3%A9der+de+terrain+aux+id%C3%A9ologies+r%C3%A9actionnaires%2C+qui+ont+d%C3%A9j%C3%A0+conquis+la+presse+et+l%27%C3%A9dition.+Tandis+qu%27un+monopole+des+imaginaires+s%27instille+avec+l%27IA+g%C3%A9n%C3%A9rative%2C+des+coupes+budg%C3%A9taires+mettent+%C3%A0+genoux+le+monde+associatif+et+le+service+public.+Pourtant%2C+les+mondes+de+la+culture+se+r%C3%A9inventent+dans+les+interstices+des+formes+de+r%C3%A9sistance%2C+comme+autant+de+motifs+d%27espoir+pour+composer+avec+les+d%C3%A9fis+qui+s%27annoncent.%3C%2Fp%3E+%3C%2Fdiv%3E%3Cdiv+class%3D%22wp-block-column%22%3E%3Cfigure+class%3D%22wp-block-image+size-large%22%3E%3Cimg+src%3D%22https%3A%2F%2Flestempssauvages.fr%2Fwp-content%2Fuploads%2F2026%2F04%2F69d92d13b4e98dcc790af65e_culture-1510-614x1024.webp%22+alt%3D%22%22+class%3D%22wp-image-11530%22%2F%3E%3C%2Ffigure%3E%3C%2Fdiv%3E%3C%2Fdiv%3E%3Cp%3E%3Cem%3EArnaud+Idelon+est+auteur%2C+journaliste+et+programmateur.+Il+est+l%27auteur+de+fictions+et+ess%3C%2Fem%3E%3C%2Fp%3E%28Voir+toute+la+description+de+%C3%A9v%C3%A8nement+ici%C2%A0%3A+https%3A%2F%2Flestempssauvages.fr%2Findex.php%2Fevent%2Fculture-low-cost-derniere-demarque-rencontre-avec-arnaud-idelon-le-jeudi-11-juin-a-19h%2F%29&#038;trp=false&#038;ctz=Europe\/Paris&#038;sprop=website:https:\/\/lestempssauvages.fr\"\n\t\t\t\t\t\t\t\t\t\tclass=\"tribe-events-c-subscribe-dropdown__list-item-link\"\n\t\t\t\t\t\t\t\t\t\ttarget=\"_blank\"\n\t\t\t\t\t\t\t\t\t\trel=\"noopener noreferrer nofollow noindex\"\n\t\t\t\t\t\t\t\t\t>\n\t\t\t\t\t\t\t\t\t\tGoogle Agenda\t\t\t\t\t\t\t\t\t<\/a>\n\t\t\t\t\t\t\t\t<\/li>\n\t\t\t\t\t\t\t\t\t\t\t\t\t\t\t<li class=\"tribe-events-c-subscribe-dropdown__list-item tribe-events-c-subscribe-dropdown__list-item--ical\">\n\t\t\t\t\t\t\t\t\t<a\n\t\t\t\t\t\t\t\t\t\thref=\"\"\n\t\t\t\t\t\t\t\t\t\tclass=\"tribe-events-c-subscribe-dropdown__list-item-link\"\n\t\t\t\t\t\t\t\t\t\ttarget=\"_blank\"\n\t\t\t\t\t\t\t\t\t\trel=\"noopener noreferrer nofollow noindex\"\n\t\t\t\t\t\t\t\t\t>\n\t\t\t\t\t\t\t\t\t\tiCalendar\t\t\t\t\t\t\t\t\t<\/a>\n\t\t\t\t\t\t\t\t<\/li>\n\t\t\t\t\t\t\t\t\t\t\t\t\t\t\t<li class=\"tribe-events-c-subscribe-dropdown__list-item tribe-events-c-subscribe-dropdown__list-item--outlook-365\">\n\t\t\t\t\t\t\t\t\t<a\n\t\t\t\t\t\t\t\t\t\thref=\"\"\n\t\t\t\t\t\t\t\t\t\tclass=\"tribe-events-c-subscribe-dropdown__list-item-link\"\n\t\t\t\t\t\t\t\t\t\ttarget=\"_blank\"\n\t\t\t\t\t\t\t\t\t\trel=\"noopener noreferrer nofollow noindex\"\n\t\t\t\t\t\t\t\t\t>\n\t\t\t\t\t\t\t\t\t\tOutlook 365\t\t\t\t\t\t\t\t\t<\/a>\n\t\t\t\t\t\t\t\t<\/li>\n\t\t\t\t\t\t\t\t\t\t\t\t\t\t\t<li class=\"tribe-events-c-subscribe-dropdown__list-item tribe-events-c-subscribe-dropdown__list-item--outlook-live\">\n\t\t\t\t\t\t\t\t\t<a\n\t\t\t\t\t\t\t\t\t\thref=\"\"\n\t\t\t\t\t\t\t\t\t\tclass=\"tribe-events-c-subscribe-dropdown__list-item-link\"\n\t\t\t\t\t\t\t\t\t\ttarget=\"_blank\"\n\t\t\t\t\t\t\t\t\t\trel=\"noopener noreferrer nofollow noindex\"\n\t\t\t\t\t\t\t\t\t>\n\t\t\t\t\t\t\t\t\t\tOutlook Live\t\t\t\t\t\t\t\t\t<\/a>\n\t\t\t\t\t\t\t\t<\/li>\n\t\t\t\t\t\t\t\t\t\t\t\t\t<\/ul>\n\t\t\t\t\t<\/div>\n\t\t\t\t<\/div>\n\t\t\t<\/div>\n\t\t<\/div>\n\t<\/div>\n\n","protected":false},"excerpt":{"rendered":"<p>Mont\u00e9e des populismes, backlash \u00e9cologique et social, regain de la censure : les acteurs de la culture ont fort \u00e0 faire pour ne pas c\u00e9der de terrain aux id\u00e9ologies r\u00e9actionnaires, &hellip;<\/p>\n<p class=\"read-more\"> <a class=\"\" href=\"https:\/\/lestempssauvages.fr\/index.php\/event\/culture-low-cost-derniere-demarque-rencontre-avec-arnaud-idelon-le-jeudi-11-juin-a-19h\/\"> <span class=\"screen-reader-text\">Culture low cost. Derni\u00e8re d\u00e9marque. Rencontre avec Arnaud Idelon le jeudi 11 juin \u00e0 19h<\/span> Lire la suite\u00a0\u00bb<\/a><\/p>\n","protected":false},"author":1,"featured_media":11530,"template":"","meta":{"site-sidebar-layout":"default","site-content-layout":"","ast-site-content-layout":"default","site-content-style":"default","site-sidebar-style":"default","ast-global-header-display":"","ast-banner-title-visibility":"","ast-main-header-display":"","ast-hfb-above-header-display":"","ast-hfb-below-header-display":"","ast-hfb-mobile-header-display":"","site-post-title":"","ast-breadcrumbs-content":"","ast-featured-img":"","footer-sml-layout":"","theme-transparent-header-meta":"","adv-header-id-meta":"","stick-header-meta":"","header-above-stick-meta":"","header-main-stick-meta":"","header-below-stick-meta":"","astra-migrate-meta-layouts":"set","ngg_post_thumbnail":0,"_EventAllDay":false,"_EventTimezone":"Europe\/Paris","_EventStartDate":"2026-06-11 19:00:00","_EventEndDate":"2026-06-11 21:00:00","_EventStartDateUTC":"2026-06-11 17:00:00","_EventEndDateUTC":"2026-06-11 19:00:00","_EventShowMap":false,"_EventShowMapLink":false,"_EventURL":"","_EventCost":"","_EventCostDescription":"","_EventCurrencySymbol":"\u20ac","_EventCurrencyCode":"EUR","_EventCurrencyPosition":"prefix","_EventDateTimeSeparator":" @ ","_EventTimeRangeSeparator":" - ","_EventOrganizerID":[],"_EventVenueID":[],"_OrganizerEmail":"","_OrganizerPhone":"","_OrganizerWebsite":"","_VenueAddress":"","_VenueCity":"","_VenueCountry":"","_VenueProvince":"","_VenueState":"","_VenueZip":"","_VenuePhone":"","_VenueURL":"","_VenueStateProvince":"","_VenueLat":"","_VenueLng":"","_VenueShowMap":false,"_VenueShowMapLink":false,"_tribe_events_status":"","_tribe_events_status_reason":"","footnotes":""},"tags":[],"tribe_events_cat":[],"class_list":["post-11529","tribe_events","type-tribe_events","status-publish","has-post-thumbnail","hentry"],"aioseo_notices":[],"_links":{"self":[{"href":"https:\/\/lestempssauvages.fr\/index.php\/wp-json\/wp\/v2\/tribe_events\/11529","targetHints":{"allow":["GET"]}}],"collection":[{"href":"https:\/\/lestempssauvages.fr\/index.php\/wp-json\/wp\/v2\/tribe_events"}],"about":[{"href":"https:\/\/lestempssauvages.fr\/index.php\/wp-json\/wp\/v2\/types\/tribe_events"}],"author":[{"embeddable":true,"href":"https:\/\/lestempssauvages.fr\/index.php\/wp-json\/wp\/v2\/users\/1"}],"version-history":[{"count":1,"href":"https:\/\/lestempssauvages.fr\/index.php\/wp-json\/wp\/v2\/tribe_events\/11529\/revisions"}],"predecessor-version":[{"id":11531,"href":"https:\/\/lestempssauvages.fr\/index.php\/wp-json\/wp\/v2\/tribe_events\/11529\/revisions\/11531"}],"wp:featuredmedia":[{"embeddable":true,"href":"https:\/\/lestempssauvages.fr\/index.php\/wp-json\/wp\/v2\/media\/11530"}],"wp:attachment":[{"href":"https:\/\/lestempssauvages.fr\/index.php\/wp-json\/wp\/v2\/media?parent=11529"}],"wp:term":[{"taxonomy":"post_tag","embeddable":true,"href":"https:\/\/lestempssauvages.fr\/index.php\/wp-json\/wp\/v2\/tags?post=11529"},{"taxonomy":"tribe_events_cat","embeddable":true,"href":"https:\/\/lestempssauvages.fr\/index.php\/wp-json\/wp\/v2\/tribe_events_cat?post=11529"}],"curies":[{"name":"wp","href":"https:\/\/api.w.org\/{rel}","templated":true}]}}