{"id":11518,"date":"2026-04-21T15:23:42","date_gmt":"2026-04-21T13:23:42","guid":{"rendered":"https:\/\/lestempssauvages.fr\/?post_type=tribe_events&#038;p=11518"},"modified":"2026-04-21T15:23:44","modified_gmt":"2026-04-21T13:23:44","slug":"la-guerre-despagne-1936-1939-la-democratie-assassinee-rencontre-avec-pierre-salmon-le-mercredi-6-mai-a-19h","status":"publish","type":"tribe_events","link":"https:\/\/lestempssauvages.fr\/index.php\/event\/la-guerre-despagne-1936-1939-la-democratie-assassinee-rencontre-avec-pierre-salmon-le-mercredi-6-mai-a-19h\/","title":{"rendered":"La guerre d&rsquo;Espagne 1936-1939. La d\u00e9mocratie assassin\u00e9e. Rencontre avec Pierre Salmon le mercredi 6 mai \u00e0 19h"},"content":{"rendered":"<div  class=\"tribe-events-schedule tribe-clearfix\" >\n\t<p class=\"tribe-events-schedule__datetime\">\n\t\t<span class=\"tribe-events-schedule__date tribe-events-schedule__date--start\">\n\t\t\t6 mai\t\t<\/span>\n\n\t\t\t\t\t<span class=\"tribe-events-schedule__separator tribe-events-schedule__separator--date\">\n\t\t\t\t @ \t\t\t<\/span>\n\t\t\t<span class=\"tribe-events-schedule__time tribe-events-schedule__time--start\">\n\t\t\t\t19h00\t\t\t<\/span>\n\t\t\n\t\t\t\t\t\t\t\t\t<span class=\"tribe-events-schedule__separator tribe-events-schedule__separator--time\">\n\t\t\t\t\t &#8211; \t\t\t\t<\/span>\n\t\t\t\n\t\t\t\t\t\t\t<span class=\"tribe-events-schedule__time tribe-events-schedule__time--end\">\n\t\t\t\t\t21h00\t\t\t\t<\/span>\n\t\t\t\n\t\t\t\t\t\t<\/p>\n<\/div>\n\n\n\n<div class=\"wp-block-columns is-layout-flex wp-container-core-columns-is-layout-28f84493 wp-block-columns-is-layout-flex\">\n<div class=\"wp-block-column is-layout-flow wp-block-column-is-layout-flow\">\n<p>Espagne, juillet 1936. Un putsch tente d\u2019abattre la R\u00e9publique. L\u2019assassinat de la d\u00e9mocratie par des militaires, des monarchistes et des fascistes \u00e9tait pr\u00e9m\u00e9dit\u00e9 de longue date. L\u2019intensit\u00e9 de la r\u00e9action populaire et de la r\u00e9sistance du r\u00e9gime, moins attendue, transforme ce conflit en une guerre sanglante de presque trois ans. Une guerre \u00e0 la fois politique et sociale, civile et internationale: Mussolini et Hitler soutiennent les troupes du g\u00e9n\u00e9ral Franco, l\u2019URSS s\u2019engage du c\u00f4t\u00e9 r\u00e9publicain alors que les d\u00e9mocraties lib\u00e9rales s\u2019abstiennent. Le monde regarde l\u2019Espagne et se mobilise pour cette guerre qui fait plus de 500 000 morts et autant d\u2019exil\u00e9s.<\/p>\n\n\n\n<p>Aujourd&rsquo;hui, de nombreuses recherches et archives, mais aussi des t\u00e9moignages, permettent d\u2019\u00e9crire une nouvelle histoire de la guerre d\u2019Espagne. Cette histoire d\u00e9voile le long travail de sape de la d\u00e9mocratie par les forces r\u00e9actionnaires et l\u2019extr\u00eame droite espagnole, bien avant 1936. Elle montre les m\u00e9canismes profonds de la dictature franquiste et se penche enfin sur l\u2019exp\u00e9rience au jour le jour des acteurs de cet \u00e9pisode majeur du XXe si\u00e8cle europ\u00e9en.<\/p>\n<\/div>\n\n\n\n<div class=\"wp-block-column is-layout-flow wp-block-column-is-layout-flow\">\n<figure class=\"wp-block-image size-large\"><img loading=\"lazy\" decoding=\"async\" width=\"690\" height=\"1024\" src=\"https:\/\/lestempssauvages.fr\/wp-content\/uploads\/2026\/04\/81zxqj2d3yL-690x1024.jpg\" alt=\"\" class=\"wp-image-11520\" srcset=\"https:\/\/lestempssauvages.fr\/wp-content\/uploads\/2026\/04\/81zxqj2d3yL-690x1024.jpg 690w, https:\/\/lestempssauvages.fr\/wp-content\/uploads\/2026\/04\/81zxqj2d3yL-202x300.jpg 202w, https:\/\/lestempssauvages.fr\/wp-content\/uploads\/2026\/04\/81zxqj2d3yL-768x1140.jpg 768w, https:\/\/lestempssauvages.fr\/wp-content\/uploads\/2026\/04\/81zxqj2d3yL-1035x1536.jpg 1035w, https:\/\/lestempssauvages.fr\/wp-content\/uploads\/2026\/04\/81zxqj2d3yL-1380x2048.jpg 1380w, https:\/\/lestempssauvages.fr\/wp-content\/uploads\/2026\/04\/81zxqj2d3yL-1320x1959.jpg 1320w, https:\/\/lestempssauvages.fr\/wp-content\/uploads\/2026\/04\/81zxqj2d3yL.jpg 1725w\" sizes=\"auto, (max-width: 690px) 100vw, 690px\" \/><\/figure>\n<\/div>\n<\/div>\n\n\n\n<p><em>Pierre Salmon est ma\u00eetre de conf\u00e9rences en histoire contemporaine a l\u2019\u00c9cole normale sup\u00e9rieure (PSL), sp\u00e9cialiste de la guerre d\u2019Espagne, de la m\u00e9moire de ce conflit et, plus g\u00e9n\u00e9ralement du trafic d\u2019armes.<\/em><\/p>\n\n\n<div  class=\"tribe-block tribe-block__event-price\" >\n\t\t<\/div>\n\n\n\n\n<div  class=\"tribe-block tribe-block__venue tribe-clearfix\" >\n\t\n\t\t\n\t<\/div>\n\n\n\n\n\t<div  class=\"tribe-block tribe-block__events-link\" >\n\t\t<div class=\"tribe-events tribe-common\">\n\t\t\t<div class=\"tribe-events-c-subscribe-dropdown__container\">\n\t\t\t\t<div class=\"tribe-events-c-subscribe-dropdown\">\n\t\t\t\t\t<div class=\"tribe-common-c-btn-border tribe-events-c-subscribe-dropdown__button\">\n\t\t\t\t\t\t<svg\n\t class=\"tribe-common-c-svgicon tribe-common-c-svgicon--cal-export tribe-events-c-subscribe-dropdown__export-icon\" \taria-hidden=\"true\"\n\tviewBox=\"0 0 23 17\"\n\txmlns=\"http:\/\/www.w3.org\/2000\/svg\"\n>\n\t<path fill-rule=\"evenodd\" clip-rule=\"evenodd\" d=\"M.128.896V16.13c0 .211.145.383.323.383h15.354c.179 0 .323-.172.323-.383V.896c0-.212-.144-.383-.323-.383H.451C.273.513.128.684.128.896Zm16 6.742h-.901V4.679H1.009v10.729h14.218v-3.336h.901V7.638ZM1.01 1.614h14.218v2.058H1.009V1.614Z\" \/>\n\t<path d=\"M20.5 9.846H8.312M18.524 6.953l2.89 2.909-2.855 2.855\" stroke-width=\"1.2\" stroke-linecap=\"round\" stroke-linejoin=\"round\"\/>\n<\/svg>\n\t\t\t\t\t\t<button\n\t\t\t\t\t\t\tclass=\"tribe-events-c-subscribe-dropdown__button-text\"\n\t\t\t\t\t\t\taria-expanded=\"false\"\n\t\t\t\t\t\t\taria-controls=\"tribe-events-subscribe-dropdown-content\"\n\t\t\t\t\t\t\taria-label=\"Afficher les liens permettant d\u2019ajouter des \u00e9v\u00e8nements \u00e0 votre calendrier\"\n\t\t\t\t\t\t>\n\t\t\t\t\t\t\tAjouter au calendrier\t\t\t\t\t\t<\/button>\n\t\t\t\t\t\t<svg\n\t class=\"tribe-common-c-svgicon tribe-common-c-svgicon--caret-down tribe-events-c-subscribe-dropdown__button-icon\" \taria-hidden=\"true\"\n\tviewBox=\"0 0 10 7\"\n\txmlns=\"http:\/\/www.w3.org\/2000\/svg\"\n>\n\t<path fill-rule=\"evenodd\" clip-rule=\"evenodd\" d=\"M1.008.609L5 4.6 8.992.61l.958.958L5 6.517.05 1.566l.958-.958z\" class=\"tribe-common-c-svgicon__svg-fill\"\/>\n<\/svg>\n\t\t\t\t\t<\/div>\n\t\t\t\t\t<div id=\"tribe-events-subscribe-dropdown-content\" class=\"tribe-events-c-subscribe-dropdown__content\">\n\t\t\t\t\t\t<ul class=\"tribe-events-c-subscribe-dropdown__list\">\n\t\t\t\t\t\t\t\t\t\t\t\t\t\t\t<li class=\"tribe-events-c-subscribe-dropdown__list-item tribe-events-c-subscribe-dropdown__list-item--gcal\">\n\t\t\t\t\t\t\t\t\t<a\n\t\t\t\t\t\t\t\t\t\thref=\"https:\/\/www.google.com\/calendar\/event?action=TEMPLATE&#038;dates=20260506T190000\/20260506T210000&#038;text=La%20guerre%20d%26rsquo%3BEspagne%201936-1939.%20La%20d%C3%A9mocratie%20assassin%C3%A9e.%20Rencontre%20avec%20Pierre%20Salmon%20le%20mercredi%206%20mai%20%C3%A0%2019h&#038;details=%3Cdiv+class%3D%22wp-block-columns%22%3E%3Cdiv+class%3D%22wp-block-column%22%3E%3Cp%3EEspagne%2C+juillet+1936.+Un+putsch+tente+d%E2%80%99abattre+la+R%C3%A9publique.+L%E2%80%99assassinat+de+la+d%C3%A9mocratie+par+des+militaires%2C+des+monarchistes+et+des+fascistes+%C3%A9tait+pr%C3%A9m%C3%A9dit%C3%A9+de+longue+date.+L%E2%80%99intensit%C3%A9+de+la+r%C3%A9action+populaire+et+de+la+r%C3%A9sistance+du+r%C3%A9gime%2C+moins+attendue%2C+transforme+ce+conflit+en+une+guerre+sanglante+de+presque+trois+ans.+Une+guerre+%C3%A0+la+fois+politique+et+sociale%2C+civile+et+internationale%3A+Mussolini+et+Hitler+soutiennent+les+troupes+du+g%C3%A9n%C3%A9ral+Franco%2C+l%E2%80%99URSS+s%E2%80%99engage+du+c%C3%B4t%C3%A9+r%C3%A9publicain+alors+que+les+d%C3%A9mocraties+lib%C3%A9rales+s%E2%80%99abstiennent.+Le+monde+regarde+l%E2%80%99Espagne+et+se+mobilise+pour+cette+guerre+qui+fait+plus+de+500+000+morts+et+autant+d%E2%80%99exil%C3%A9s.%3C%2Fp%3E+%3Cp%3EAujourd%27hui%2C+de+nombreuses+recherches+et+archives%2C+mais+aussi+des+t%C3%A9moignages%2C+permettent+d%E2%80%99%C3%A9crire+une+nouvelle+histoire+de+la+guerre+d%E2%80%99Espagne.+Cette+histoire+d%C3%A9voile+le+long+travail+de+sape+de+la+d%C3%A9mocratie+par+%3C%2Fp%3E%3C%2Fdiv%3E%3C%2Fdiv%3E%28Voir+toute+la+description+de+%C3%A9v%C3%A8nement+ici%C2%A0%3A+https%3A%2F%2Flestempssauvages.fr%2Findex.php%2Fevent%2Fla-guerre-despagne-1936-1939-la-democratie-assassinee-rencontre-avec-pierre-salmon-le-mercredi-6-mai-a-19h%2F%29&#038;trp=false&#038;ctz=Europe\/Paris&#038;sprop=website:https:\/\/lestempssauvages.fr\"\n\t\t\t\t\t\t\t\t\t\tclass=\"tribe-events-c-subscribe-dropdown__list-item-link\"\n\t\t\t\t\t\t\t\t\t\ttarget=\"_blank\"\n\t\t\t\t\t\t\t\t\t\trel=\"noopener noreferrer nofollow noindex\"\n\t\t\t\t\t\t\t\t\t>\n\t\t\t\t\t\t\t\t\t\tGoogle Agenda\t\t\t\t\t\t\t\t\t<\/a>\n\t\t\t\t\t\t\t\t<\/li>\n\t\t\t\t\t\t\t\t\t\t\t\t\t\t\t<li class=\"tribe-events-c-subscribe-dropdown__list-item tribe-events-c-subscribe-dropdown__list-item--ical\">\n\t\t\t\t\t\t\t\t\t<a\n\t\t\t\t\t\t\t\t\t\thref=\"\"\n\t\t\t\t\t\t\t\t\t\tclass=\"tribe-events-c-subscribe-dropdown__list-item-link\"\n\t\t\t\t\t\t\t\t\t\ttarget=\"_blank\"\n\t\t\t\t\t\t\t\t\t\trel=\"noopener noreferrer nofollow noindex\"\n\t\t\t\t\t\t\t\t\t>\n\t\t\t\t\t\t\t\t\t\tiCalendar\t\t\t\t\t\t\t\t\t<\/a>\n\t\t\t\t\t\t\t\t<\/li>\n\t\t\t\t\t\t\t\t\t\t\t\t\t\t\t<li class=\"tribe-events-c-subscribe-dropdown__list-item tribe-events-c-subscribe-dropdown__list-item--outlook-365\">\n\t\t\t\t\t\t\t\t\t<a\n\t\t\t\t\t\t\t\t\t\thref=\"\"\n\t\t\t\t\t\t\t\t\t\tclass=\"tribe-events-c-subscribe-dropdown__list-item-link\"\n\t\t\t\t\t\t\t\t\t\ttarget=\"_blank\"\n\t\t\t\t\t\t\t\t\t\trel=\"noopener noreferrer nofollow noindex\"\n\t\t\t\t\t\t\t\t\t>\n\t\t\t\t\t\t\t\t\t\tOutlook 365\t\t\t\t\t\t\t\t\t<\/a>\n\t\t\t\t\t\t\t\t<\/li>\n\t\t\t\t\t\t\t\t\t\t\t\t\t\t\t<li class=\"tribe-events-c-subscribe-dropdown__list-item tribe-events-c-subscribe-dropdown__list-item--outlook-live\">\n\t\t\t\t\t\t\t\t\t<a\n\t\t\t\t\t\t\t\t\t\thref=\"\"\n\t\t\t\t\t\t\t\t\t\tclass=\"tribe-events-c-subscribe-dropdown__list-item-link\"\n\t\t\t\t\t\t\t\t\t\ttarget=\"_blank\"\n\t\t\t\t\t\t\t\t\t\trel=\"noopener noreferrer nofollow noindex\"\n\t\t\t\t\t\t\t\t\t>\n\t\t\t\t\t\t\t\t\t\tOutlook Live\t\t\t\t\t\t\t\t\t<\/a>\n\t\t\t\t\t\t\t\t<\/li>\n\t\t\t\t\t\t\t\t\t\t\t\t\t<\/ul>\n\t\t\t\t\t<\/div>\n\t\t\t\t<\/div>\n\t\t\t<\/div>\n\t\t<\/div>\n\t<\/div>\n\n","protected":false},"excerpt":{"rendered":"<p>Espagne, juillet 1936. Un putsch tente d\u2019abattre la R\u00e9publique. L\u2019assassinat de la d\u00e9mocratie par des militaires, des monarchistes et des fascistes \u00e9tait pr\u00e9m\u00e9dit\u00e9 de longue date. L\u2019intensit\u00e9 de la r\u00e9action &hellip;<\/p>\n<p class=\"read-more\"> <a class=\"\" href=\"https:\/\/lestempssauvages.fr\/index.php\/event\/la-guerre-despagne-1936-1939-la-democratie-assassinee-rencontre-avec-pierre-salmon-le-mercredi-6-mai-a-19h\/\"> <span class=\"screen-reader-text\">La guerre d&rsquo;Espagne 1936-1939. La d\u00e9mocratie assassin\u00e9e. Rencontre avec Pierre Salmon le mercredi 6 mai \u00e0 19h<\/span> Lire la suite\u00a0\u00bb<\/a><\/p>\n","protected":false},"author":1,"featured_media":11520,"template":"","meta":{"site-sidebar-layout":"default","site-content-layout":"","ast-site-content-layout":"default","site-content-style":"default","site-sidebar-style":"default","ast-global-header-display":"","ast-banner-title-visibility":"","ast-main-header-display":"","ast-hfb-above-header-display":"","ast-hfb-below-header-display":"","ast-hfb-mobile-header-display":"","site-post-title":"","ast-breadcrumbs-content":"","ast-featured-img":"","footer-sml-layout":"","theme-transparent-header-meta":"","adv-header-id-meta":"","stick-header-meta":"","header-above-stick-meta":"","header-main-stick-meta":"","header-below-stick-meta":"","astra-migrate-meta-layouts":"set","ngg_post_thumbnail":0,"_EventAllDay":false,"_EventTimezone":"Europe\/Paris","_EventStartDate":"2026-05-06 19:00:00","_EventEndDate":"2026-05-06 21:00:00","_EventStartDateUTC":"2026-05-06 17:00:00","_EventEndDateUTC":"2026-05-06 19:00:00","_EventShowMap":false,"_EventShowMapLink":false,"_EventURL":"","_EventCost":"","_EventCostDescription":"","_EventCurrencySymbol":"\u20ac","_EventCurrencyCode":"EUR","_EventCurrencyPosition":"prefix","_EventDateTimeSeparator":" @ ","_EventTimeRangeSeparator":" - ","_EventOrganizerID":[],"_EventVenueID":[],"_OrganizerEmail":"","_OrganizerPhone":"","_OrganizerWebsite":"","_VenueAddress":"","_VenueCity":"","_VenueCountry":"","_VenueProvince":"","_VenueState":"","_VenueZip":"","_VenuePhone":"","_VenueURL":"","_VenueStateProvince":"","_VenueLat":"","_VenueLng":"","_VenueShowMap":false,"_VenueShowMapLink":false,"_tribe_events_status":"","_tribe_events_status_reason":"","footnotes":""},"tags":[],"tribe_events_cat":[],"class_list":["post-11518","tribe_events","type-tribe_events","status-publish","has-post-thumbnail","hentry"],"aioseo_notices":[],"_links":{"self":[{"href":"https:\/\/lestempssauvages.fr\/index.php\/wp-json\/wp\/v2\/tribe_events\/11518","targetHints":{"allow":["GET"]}}],"collection":[{"href":"https:\/\/lestempssauvages.fr\/index.php\/wp-json\/wp\/v2\/tribe_events"}],"about":[{"href":"https:\/\/lestempssauvages.fr\/index.php\/wp-json\/wp\/v2\/types\/tribe_events"}],"author":[{"embeddable":true,"href":"https:\/\/lestempssauvages.fr\/index.php\/wp-json\/wp\/v2\/users\/1"}],"version-history":[{"count":1,"href":"https:\/\/lestempssauvages.fr\/index.php\/wp-json\/wp\/v2\/tribe_events\/11518\/revisions"}],"predecessor-version":[{"id":11521,"href":"https:\/\/lestempssauvages.fr\/index.php\/wp-json\/wp\/v2\/tribe_events\/11518\/revisions\/11521"}],"wp:featuredmedia":[{"embeddable":true,"href":"https:\/\/lestempssauvages.fr\/index.php\/wp-json\/wp\/v2\/media\/11520"}],"wp:attachment":[{"href":"https:\/\/lestempssauvages.fr\/index.php\/wp-json\/wp\/v2\/media?parent=11518"}],"wp:term":[{"taxonomy":"post_tag","embeddable":true,"href":"https:\/\/lestempssauvages.fr\/index.php\/wp-json\/wp\/v2\/tags?post=11518"},{"taxonomy":"tribe_events_cat","embeddable":true,"href":"https:\/\/lestempssauvages.fr\/index.php\/wp-json\/wp\/v2\/tribe_events_cat?post=11518"}],"curies":[{"name":"wp","href":"https:\/\/api.w.org\/{rel}","templated":true}]}}