{"id":11512,"date":"2026-04-03T14:58:36","date_gmt":"2026-04-03T12:58:36","guid":{"rendered":"https:\/\/lestempssauvages.fr\/?post_type=tribe_events&#038;p=11512"},"modified":"2026-04-03T14:58:39","modified_gmt":"2026-04-03T12:58:39","slug":"au-dela-de-dubai-rencontre-avec-roman-stadnicki-le-29-avril-a-19h","status":"publish","type":"tribe_events","link":"https:\/\/lestempssauvages.fr\/index.php\/event\/au-dela-de-dubai-rencontre-avec-roman-stadnicki-le-29-avril-a-19h\/","title":{"rendered":"Au-del\u00e0 de Duba\u00ef. Rencontre avec Roman Stadnicki le 29 avril \u00e0 19h"},"content":{"rendered":"<div  class=\"tribe-events-schedule tribe-clearfix\" >\n\t<p class=\"tribe-events-schedule__datetime\">\n\t\t<span class=\"tribe-events-schedule__date tribe-events-schedule__date--start\">\n\t\t\t29 avril\t\t<\/span>\n\n\t\t\t\t\t<span class=\"tribe-events-schedule__separator tribe-events-schedule__separator--date\">\n\t\t\t\t @ \t\t\t<\/span>\n\t\t\t<span class=\"tribe-events-schedule__time tribe-events-schedule__time--start\">\n\t\t\t\t19h00\t\t\t<\/span>\n\t\t\n\t\t\t\t\t\t\t\t\t<span class=\"tribe-events-schedule__separator tribe-events-schedule__separator--time\">\n\t\t\t\t\t &#8211; \t\t\t\t<\/span>\n\t\t\t\n\t\t\t\t\t\t\t<span class=\"tribe-events-schedule__time tribe-events-schedule__time--end\">\n\t\t\t\t\t21h00\t\t\t\t<\/span>\n\t\t\t\n\t\t\t\t\t\t<\/p>\n<\/div>\n\n\n\n<div class=\"wp-block-columns is-layout-flex wp-container-core-columns-is-layout-28f84493 wp-block-columns-is-layout-flex\">\n<div class=\"wp-block-column is-layout-flow wp-block-column-is-layout-flow\">\n<p>Les villes du monde arabe connaissent depuis plusieurs d\u00e9cennies une transformation sans pr\u00e9c\u00e9dent. Grands projets, infrastructures spectaculaires, r\u00e9am\u00e9nagements urbains et visions strat\u00e9giques traduisent une modernit\u00e9 urbaine imagin\u00e9e, d\u00e9brid\u00e9e, souvent impos\u00e9e. Mais derri\u00e8re ces fa\u00e7ades flamboyantes se jouent des luttes plus ou moins discr\u00e8tes : r\u00e9volutions urbaines, n\u00e9gociations quotidiennes, r\u00e9sistances \u00e0 l\u2019effacement des traditions et \u00e0 la multiplication des normes, d\u00e9tournement des usages par les habitants. L\u2019auteur fait des grandes villes dans lesquelles il a enqu\u00eat\u00e9 \u2013 Sanaa, Le Caire, Kowe\u00eft, Duba\u00ef, Abu Dhabi et Sharjah principalement \u2013 des observatoires d\u2019une modernit\u00e9 urbaine multiple et contrast\u00e9e, qu\u2019il analyse \u00e0 travers les institutions qui la projettent, les infrastructures qui l\u2019incarnent et les pratiques qui la d\u00e9fient.<\/p>\n<\/div>\n\n\n\n<div class=\"wp-block-column is-layout-flow wp-block-column-is-layout-flow\">\n<figure class=\"wp-block-image size-large\"><img loading=\"lazy\" decoding=\"async\" width=\"666\" height=\"1024\" src=\"https:\/\/lestempssauvages.fr\/wp-content\/uploads\/2026\/04\/Document-special-produit-unique-visuel.-hd-7-12-scaled-1-666x1024.jpg\" alt=\"\" class=\"wp-image-11513\" srcset=\"https:\/\/lestempssauvages.fr\/wp-content\/uploads\/2026\/04\/Document-special-produit-unique-visuel.-hd-7-12-scaled-1-666x1024.jpg 666w, https:\/\/lestempssauvages.fr\/wp-content\/uploads\/2026\/04\/Document-special-produit-unique-visuel.-hd-7-12-scaled-1-195x300.jpg 195w, https:\/\/lestempssauvages.fr\/wp-content\/uploads\/2026\/04\/Document-special-produit-unique-visuel.-hd-7-12-scaled-1-768x1182.jpg 768w, https:\/\/lestempssauvages.fr\/wp-content\/uploads\/2026\/04\/Document-special-produit-unique-visuel.-hd-7-12-scaled-1-998x1536.jpg 998w, https:\/\/lestempssauvages.fr\/wp-content\/uploads\/2026\/04\/Document-special-produit-unique-visuel.-hd-7-12-scaled-1-1331x2048.jpg 1331w, https:\/\/lestempssauvages.fr\/wp-content\/uploads\/2026\/04\/Document-special-produit-unique-visuel.-hd-7-12-scaled-1-1320x2031.jpg 1320w, https:\/\/lestempssauvages.fr\/wp-content\/uploads\/2026\/04\/Document-special-produit-unique-visuel.-hd-7-12-scaled-1.jpg 1664w\" sizes=\"auto, (max-width: 666px) 100vw, 666px\" \/><\/figure>\n<\/div>\n<\/div>\n\n\n\n<p>Roman Stadnicki est ma\u00eetre de conf\u00e9rences HDR \u00e0 l\u2019Universit\u00e9 de Tours, ainsi que directeur du d\u00e9partement de G\u00e9ographie. Membre de l\u2019\u00c9quipe Monde Arabe et M\u00e9diterran\u00e9e du Laboratoire CITERES et chercheur associ\u00e9 au Centre Fran\u00e7ais de Recherche de la P\u00e9ninsule Arabique, il analyse depuis vingt ans l\u2019urbanisation du monde arabe.<\/p>\n\n\n<div  class=\"tribe-block tribe-block__event-price\" >\n\t\t<\/div>\n\n\n\n\n<div  class=\"tribe-block tribe-block__venue tribe-clearfix\" >\n\t\n\t\t\n\t<\/div>\n\n\n\n\n\t<div  class=\"tribe-block tribe-block__events-link\" >\n\t\t<div class=\"tribe-events tribe-common\">\n\t\t\t<div class=\"tribe-events-c-subscribe-dropdown__container\">\n\t\t\t\t<div class=\"tribe-events-c-subscribe-dropdown\">\n\t\t\t\t\t<div class=\"tribe-common-c-btn-border tribe-events-c-subscribe-dropdown__button\">\n\t\t\t\t\t\t<svg\n\t class=\"tribe-common-c-svgicon tribe-common-c-svgicon--cal-export tribe-events-c-subscribe-dropdown__export-icon\" \taria-hidden=\"true\"\n\tviewBox=\"0 0 23 17\"\n\txmlns=\"http:\/\/www.w3.org\/2000\/svg\"\n>\n\t<path fill-rule=\"evenodd\" clip-rule=\"evenodd\" d=\"M.128.896V16.13c0 .211.145.383.323.383h15.354c.179 0 .323-.172.323-.383V.896c0-.212-.144-.383-.323-.383H.451C.273.513.128.684.128.896Zm16 6.742h-.901V4.679H1.009v10.729h14.218v-3.336h.901V7.638ZM1.01 1.614h14.218v2.058H1.009V1.614Z\" \/>\n\t<path d=\"M20.5 9.846H8.312M18.524 6.953l2.89 2.909-2.855 2.855\" stroke-width=\"1.2\" stroke-linecap=\"round\" stroke-linejoin=\"round\"\/>\n<\/svg>\n\t\t\t\t\t\t<button\n\t\t\t\t\t\t\tclass=\"tribe-events-c-subscribe-dropdown__button-text\"\n\t\t\t\t\t\t\taria-expanded=\"false\"\n\t\t\t\t\t\t\taria-controls=\"tribe-events-subscribe-dropdown-content\"\n\t\t\t\t\t\t\taria-label=\"Afficher les liens permettant d\u2019ajouter des \u00e9v\u00e8nements \u00e0 votre calendrier\"\n\t\t\t\t\t\t>\n\t\t\t\t\t\t\tAjouter au calendrier\t\t\t\t\t\t<\/button>\n\t\t\t\t\t\t<svg\n\t class=\"tribe-common-c-svgicon tribe-common-c-svgicon--caret-down tribe-events-c-subscribe-dropdown__button-icon\" \taria-hidden=\"true\"\n\tviewBox=\"0 0 10 7\"\n\txmlns=\"http:\/\/www.w3.org\/2000\/svg\"\n>\n\t<path fill-rule=\"evenodd\" clip-rule=\"evenodd\" d=\"M1.008.609L5 4.6 8.992.61l.958.958L5 6.517.05 1.566l.958-.958z\" class=\"tribe-common-c-svgicon__svg-fill\"\/>\n<\/svg>\n\t\t\t\t\t<\/div>\n\t\t\t\t\t<div id=\"tribe-events-subscribe-dropdown-content\" class=\"tribe-events-c-subscribe-dropdown__content\">\n\t\t\t\t\t\t<ul class=\"tribe-events-c-subscribe-dropdown__list\">\n\t\t\t\t\t\t\t\t\t\t\t\t\t\t\t<li class=\"tribe-events-c-subscribe-dropdown__list-item tribe-events-c-subscribe-dropdown__list-item--gcal\">\n\t\t\t\t\t\t\t\t\t<a\n\t\t\t\t\t\t\t\t\t\thref=\"https:\/\/www.google.com\/calendar\/event?action=TEMPLATE&#038;dates=20260429T190000\/20260429T210000&#038;text=Au-del%C3%A0%20de%20Duba%C3%AF.%20Rencontre%20avec%20Roman%20Stadnicki%20le%2029%20avril%20%C3%A0%2019h&#038;details=%3Cdiv+class%3D%22wp-block-columns%22%3E%3Cdiv+class%3D%22wp-block-column%22%3E%3Cp%3ELes+villes+du+monde+arabe+connaissent+depuis+plusieurs+d%C3%A9cennies+une+transformation+sans+pr%C3%A9c%C3%A9dent.+Grands+projets%2C+infrastructures+spectaculaires%2C+r%C3%A9am%C3%A9nagements+urbains+et+visions+strat%C3%A9giques+traduisent+une+modernit%C3%A9+urbaine+imagin%C3%A9e%2C+d%C3%A9brid%C3%A9e%2C+souvent+impos%C3%A9e.+Mais+derri%C3%A8re+ces+fa%C3%A7ades+flamboyantes+se+jouent+des+luttes+plus+ou+moins+discr%C3%A8tes+%3A+r%C3%A9volutions+urbaines%2C+n%C3%A9gociations+quotidiennes%2C+r%C3%A9sistances+%C3%A0+l%E2%80%99effacement+des+traditions+et+%C3%A0+la+multiplication+des+normes%2C+d%C3%A9tournement+des+usages+par+les+habitants.+L%E2%80%99auteur+fait+des+grandes+villes+dans+lesquelles+il+a+enqu%C3%AAt%C3%A9+%E2%80%93+Sanaa%2C+Le+Caire%2C+Kowe%C3%AFt%2C+Duba%C3%AF%2C+Abu+Dhabi+et+Sharjah+principalement+%E2%80%93+des+observatoires+d%E2%80%99une+modernit%C3%A9+urbaine+multiple+et+contrast%C3%A9e%2C+qu%E2%80%99il+analyse+%C3%A0+travers+les+institutions+qui+la+projettent%2C+les+infrastructures+qui+l%E2%80%99incarnent+et+les+pratiques+qui+la+d%C3%A9fient.%3C%2Fp%3E+%3C%2Fdiv%3E%3Cdiv+class%3D%22wp-block-co%3C%2Fdiv%3E%28Voir+toute+la+description+de+%C3%A9v%C3%A8nement+ici%C2%A0%3A+https%3A%2F%2Flestempssauvages.fr%2Findex.php%2Fevent%2Fau-dela-de-dubai-rencontre-avec-roman-stadnicki-le-29-avril-a-19h%2F%29&#038;trp=false&#038;ctz=Europe\/Paris&#038;sprop=website:https:\/\/lestempssauvages.fr\"\n\t\t\t\t\t\t\t\t\t\tclass=\"tribe-events-c-subscribe-dropdown__list-item-link\"\n\t\t\t\t\t\t\t\t\t\ttarget=\"_blank\"\n\t\t\t\t\t\t\t\t\t\trel=\"noopener noreferrer nofollow noindex\"\n\t\t\t\t\t\t\t\t\t>\n\t\t\t\t\t\t\t\t\t\tGoogle Agenda\t\t\t\t\t\t\t\t\t<\/a>\n\t\t\t\t\t\t\t\t<\/li>\n\t\t\t\t\t\t\t\t\t\t\t\t\t\t\t<li class=\"tribe-events-c-subscribe-dropdown__list-item tribe-events-c-subscribe-dropdown__list-item--ical\">\n\t\t\t\t\t\t\t\t\t<a\n\t\t\t\t\t\t\t\t\t\thref=\"\"\n\t\t\t\t\t\t\t\t\t\tclass=\"tribe-events-c-subscribe-dropdown__list-item-link\"\n\t\t\t\t\t\t\t\t\t\ttarget=\"_blank\"\n\t\t\t\t\t\t\t\t\t\trel=\"noopener noreferrer nofollow noindex\"\n\t\t\t\t\t\t\t\t\t>\n\t\t\t\t\t\t\t\t\t\tiCalendar\t\t\t\t\t\t\t\t\t<\/a>\n\t\t\t\t\t\t\t\t<\/li>\n\t\t\t\t\t\t\t\t\t\t\t\t\t\t\t<li class=\"tribe-events-c-subscribe-dropdown__list-item tribe-events-c-subscribe-dropdown__list-item--outlook-365\">\n\t\t\t\t\t\t\t\t\t<a\n\t\t\t\t\t\t\t\t\t\thref=\"\"\n\t\t\t\t\t\t\t\t\t\tclass=\"tribe-events-c-subscribe-dropdown__list-item-link\"\n\t\t\t\t\t\t\t\t\t\ttarget=\"_blank\"\n\t\t\t\t\t\t\t\t\t\trel=\"noopener noreferrer nofollow noindex\"\n\t\t\t\t\t\t\t\t\t>\n\t\t\t\t\t\t\t\t\t\tOutlook 365\t\t\t\t\t\t\t\t\t<\/a>\n\t\t\t\t\t\t\t\t<\/li>\n\t\t\t\t\t\t\t\t\t\t\t\t\t\t\t<li class=\"tribe-events-c-subscribe-dropdown__list-item tribe-events-c-subscribe-dropdown__list-item--outlook-live\">\n\t\t\t\t\t\t\t\t\t<a\n\t\t\t\t\t\t\t\t\t\thref=\"\"\n\t\t\t\t\t\t\t\t\t\tclass=\"tribe-events-c-subscribe-dropdown__list-item-link\"\n\t\t\t\t\t\t\t\t\t\ttarget=\"_blank\"\n\t\t\t\t\t\t\t\t\t\trel=\"noopener noreferrer nofollow noindex\"\n\t\t\t\t\t\t\t\t\t>\n\t\t\t\t\t\t\t\t\t\tOutlook Live\t\t\t\t\t\t\t\t\t<\/a>\n\t\t\t\t\t\t\t\t<\/li>\n\t\t\t\t\t\t\t\t\t\t\t\t\t<\/ul>\n\t\t\t\t\t<\/div>\n\t\t\t\t<\/div>\n\t\t\t<\/div>\n\t\t<\/div>\n\t<\/div>\n\n","protected":false},"excerpt":{"rendered":"<p>Les villes du monde arabe connaissent depuis plusieurs d\u00e9cennies une transformation sans pr\u00e9c\u00e9dent. Grands projets, infrastructures spectaculaires, r\u00e9am\u00e9nagements urbains et visions strat\u00e9giques traduisent une modernit\u00e9 urbaine imagin\u00e9e, d\u00e9brid\u00e9e, souvent impos\u00e9e. &hellip;<\/p>\n<p class=\"read-more\"> <a class=\"\" href=\"https:\/\/lestempssauvages.fr\/index.php\/event\/au-dela-de-dubai-rencontre-avec-roman-stadnicki-le-29-avril-a-19h\/\"> <span class=\"screen-reader-text\">Au-del\u00e0 de Duba\u00ef. Rencontre avec Roman Stadnicki le 29 avril \u00e0 19h<\/span> Lire la suite\u00a0\u00bb<\/a><\/p>\n","protected":false},"author":1,"featured_media":11513,"template":"","meta":{"site-sidebar-layout":"default","site-content-layout":"","ast-site-content-layout":"default","site-content-style":"default","site-sidebar-style":"default","ast-global-header-display":"","ast-banner-title-visibility":"","ast-main-header-display":"","ast-hfb-above-header-display":"","ast-hfb-below-header-display":"","ast-hfb-mobile-header-display":"","site-post-title":"","ast-breadcrumbs-content":"","ast-featured-img":"","footer-sml-layout":"","theme-transparent-header-meta":"","adv-header-id-meta":"","stick-header-meta":"","header-above-stick-meta":"","header-main-stick-meta":"","header-below-stick-meta":"","astra-migrate-meta-layouts":"set","ngg_post_thumbnail":0,"_EventAllDay":false,"_EventTimezone":"Europe\/Paris","_EventStartDate":"2026-04-29 19:00:00","_EventEndDate":"2026-04-29 21:00:00","_EventStartDateUTC":"2026-04-29 17:00:00","_EventEndDateUTC":"2026-04-29 19:00:00","_EventShowMap":false,"_EventShowMapLink":false,"_EventURL":"","_EventCost":"","_EventCostDescription":"","_EventCurrencySymbol":"\u20ac","_EventCurrencyCode":"EUR","_EventCurrencyPosition":"prefix","_EventDateTimeSeparator":" @ ","_EventTimeRangeSeparator":" - ","_EventOrganizerID":[],"_EventVenueID":[],"_OrganizerEmail":"","_OrganizerPhone":"","_OrganizerWebsite":"","_VenueAddress":"","_VenueCity":"","_VenueCountry":"","_VenueProvince":"","_VenueState":"","_VenueZip":"","_VenuePhone":"","_VenueURL":"","_VenueStateProvince":"","_VenueLat":"","_VenueLng":"","_VenueShowMap":false,"_VenueShowMapLink":false,"_tribe_events_status":"","_tribe_events_status_reason":"","footnotes":""},"tags":[],"tribe_events_cat":[],"class_list":["post-11512","tribe_events","type-tribe_events","status-publish","has-post-thumbnail","hentry"],"aioseo_notices":[],"_links":{"self":[{"href":"https:\/\/lestempssauvages.fr\/index.php\/wp-json\/wp\/v2\/tribe_events\/11512","targetHints":{"allow":["GET"]}}],"collection":[{"href":"https:\/\/lestempssauvages.fr\/index.php\/wp-json\/wp\/v2\/tribe_events"}],"about":[{"href":"https:\/\/lestempssauvages.fr\/index.php\/wp-json\/wp\/v2\/types\/tribe_events"}],"author":[{"embeddable":true,"href":"https:\/\/lestempssauvages.fr\/index.php\/wp-json\/wp\/v2\/users\/1"}],"version-history":[{"count":1,"href":"https:\/\/lestempssauvages.fr\/index.php\/wp-json\/wp\/v2\/tribe_events\/11512\/revisions"}],"predecessor-version":[{"id":11514,"href":"https:\/\/lestempssauvages.fr\/index.php\/wp-json\/wp\/v2\/tribe_events\/11512\/revisions\/11514"}],"wp:featuredmedia":[{"embeddable":true,"href":"https:\/\/lestempssauvages.fr\/index.php\/wp-json\/wp\/v2\/media\/11513"}],"wp:attachment":[{"href":"https:\/\/lestempssauvages.fr\/index.php\/wp-json\/wp\/v2\/media?parent=11512"}],"wp:term":[{"taxonomy":"post_tag","embeddable":true,"href":"https:\/\/lestempssauvages.fr\/index.php\/wp-json\/wp\/v2\/tags?post=11512"},{"taxonomy":"tribe_events_cat","embeddable":true,"href":"https:\/\/lestempssauvages.fr\/index.php\/wp-json\/wp\/v2\/tribe_events_cat?post=11512"}],"curies":[{"name":"wp","href":"https:\/\/api.w.org\/{rel}","templated":true}]}}