{"id":11509,"date":"2026-04-03T14:49:39","date_gmt":"2026-04-03T12:49:39","guid":{"rendered":"https:\/\/lestempssauvages.fr\/?post_type=tribe_events&#038;p=11509"},"modified":"2026-04-03T15:34:08","modified_gmt":"2026-04-03T13:34:08","slug":"comme-on-les-enferme-dans-les-centres-de-retention-de-paris-a-lampedusa-rencontre-avec-louise-tassin-le-16-avril-a-19h","status":"publish","type":"tribe_events","link":"https:\/\/lestempssauvages.fr\/index.php\/event\/comme-on-les-enferme-dans-les-centres-de-retention-de-paris-a-lampedusa-rencontre-avec-louise-tassin-le-16-avril-a-19h\/","title":{"rendered":"Comme on les enferme. Dans les centres de r\u00e9tention, de Paris \u00e0 Lampedusa. Rencontre avec Louise Tassin le 16 avril \u00e0 19h"},"content":{"rendered":"<div  class=\"tribe-events-schedule tribe-clearfix\" >\n\t<p class=\"tribe-events-schedule__datetime\">\n\t\t<span class=\"tribe-events-schedule__date tribe-events-schedule__date--start\">\n\t\t\t16 avril\t\t<\/span>\n\n\t\t\t\t\t<span class=\"tribe-events-schedule__separator tribe-events-schedule__separator--date\">\n\t\t\t\t @ \t\t\t<\/span>\n\t\t\t<span class=\"tribe-events-schedule__time tribe-events-schedule__time--start\">\n\t\t\t\t19h00\t\t\t<\/span>\n\t\t\n\t\t\t\t\t\t\t\t\t<span class=\"tribe-events-schedule__separator tribe-events-schedule__separator--time\">\n\t\t\t\t\t &#8211; \t\t\t\t<\/span>\n\t\t\t\n\t\t\t\t\t\t\t<span class=\"tribe-events-schedule__time tribe-events-schedule__time--end\">\n\t\t\t\t\t21h00\t\t\t\t<\/span>\n\t\t\t\n\t\t\t\t\t\t<\/p>\n<\/div>\n\n\n\n<div class=\"wp-block-columns is-layout-flex wp-container-core-columns-is-layout-28f84493 wp-block-columns-is-layout-flex\">\n<div class=\"wp-block-column is-layout-flow wp-block-column-is-layout-flow\">\n<p>Partout en Europe, \u00e0 l&rsquo;abri des regards, les centres de r\u00e9tention destin\u00e9s \u00e0 organiser l&rsquo;expulsion des sans-papiers se multiplient. Au nom du contr\u00f4le des fronti\u00e8res, des milliers de personnes y voient leurs droits fondamentaux bafou\u00e9s. Surmontant les difficult\u00e9s d&rsquo;acc\u00e8s \u00e0 ces lieux, Louise Tassin est parvenue \u00e0 enqu\u00eater au c\u0153ur et autour de ces dispositifs. Gr\u00e2ce \u00e0 une immersion in\u00e9dite dans des centres d&rsquo;\u00cele-de-France et sur les \u00eeles de Lesbos et Lampedusa, elle livre un tableau vivant et document\u00e9 de cet enfermement de masse.Avec elle, on d\u00e9couvre qu&rsquo;une partie du personnel en charge de la r\u00e9tention a connu des trajectoires migratoires similaires \u00e0 celles des \u00a0\u00bb retenu.es \u00ab\u00a0. Autrement dit : pas d&rsquo;enfermement des \u00e9tranger.es&#8230; sans l&rsquo;appui d&rsquo;une main-d&rsquo;\u0153uvre immigr\u00e9e pr\u00e9caire.<br>Le contr\u00f4le des fronti\u00e8res est par ailleurs largement d\u00e9l\u00e9gu\u00e9 \u00e0 des acteurs priv\u00e9s (entreprises, associations, collectifs locaux), qui travaillent en coop\u00e9ration avec les fonctionnaires de police, quand ils ne s&rsquo;y substituent pas.\u00a0<em>Quid\u00a0<\/em>de la responsabilit\u00e9 des \u00c9tats, des conditions d&rsquo;enfermement, de la transparence des dispositifs dans ce contexte ?<br>Les exp\u00e9riences des \u00e9trang\u00e8res et des \u00e9trangers retenus r\u00e9sonnent d&rsquo;un centre \u00e0 l&rsquo;autre et d&rsquo;un pays \u00e0 l&rsquo;autre. Partout s&rsquo;exprime le sentiment d&rsquo;\u00eatre injustement trait\u00e9s en criminels. Que fait la r\u00e9tention \u00e0 celles et ceux qui y sont plac\u00e9s ? Et comment l&rsquo;existence de ces lieux fa\u00e7onne-t-elle les repr\u00e9sentations de l&rsquo;\u00e9tranger ?<\/p>\n<\/div>\n\n\n\n<div class=\"wp-block-column is-layout-flow wp-block-column-is-layout-flow\">\n<figure class=\"wp-block-image size-large\"><img loading=\"lazy\" decoding=\"async\" width=\"628\" height=\"1024\" src=\"https:\/\/lestempssauvages.fr\/wp-content\/uploads\/2026\/04\/9782348082580-628x1024.jpg\" alt=\"\" class=\"wp-image-11510\" srcset=\"https:\/\/lestempssauvages.fr\/wp-content\/uploads\/2026\/04\/9782348082580-628x1024.jpg 628w, https:\/\/lestempssauvages.fr\/wp-content\/uploads\/2026\/04\/9782348082580-184x300.jpg 184w, https:\/\/lestempssauvages.fr\/wp-content\/uploads\/2026\/04\/9782348082580-768x1252.jpg 768w, https:\/\/lestempssauvages.fr\/wp-content\/uploads\/2026\/04\/9782348082580.jpg 800w\" sizes=\"auto, (max-width: 628px) 100vw, 628px\" \/><\/figure>\n<\/div>\n<\/div>\n\n\n\n<p><strong>Louise Tassin&nbsp;<\/strong>est sociologue, postdoctorante au Centre europ\u00e9en de sociologie et de science politique (universit\u00e9 Paris-I-Panth\u00e9on-Sorbonne\/CNRS), affili\u00e9e au Centre d&rsquo;\u00e9tudes de l&#8217;emploi et du travail (Cnam) et membre de l&rsquo;Institut Convergences Migrations. Ses travaux portent sur le contr\u00f4le migratoire en Europe, le travail subalterne et la sous-traitance de l&rsquo;action publique.<\/p>\n\n\n<div  class=\"tribe-block tribe-block__event-price\" >\n\t\t<\/div>\n\n\n\n\n<div  class=\"tribe-block tribe-block__venue tribe-clearfix\" >\n\t\n\t\t\n\t<\/div>\n\n\n\n\n\t<div  class=\"tribe-block tribe-block__events-link\" >\n\t\t<div class=\"tribe-events tribe-common\">\n\t\t\t<div class=\"tribe-events-c-subscribe-dropdown__container\">\n\t\t\t\t<div class=\"tribe-events-c-subscribe-dropdown\">\n\t\t\t\t\t<div class=\"tribe-common-c-btn-border tribe-events-c-subscribe-dropdown__button\">\n\t\t\t\t\t\t<svg\n\t class=\"tribe-common-c-svgicon tribe-common-c-svgicon--cal-export tribe-events-c-subscribe-dropdown__export-icon\" \taria-hidden=\"true\"\n\tviewBox=\"0 0 23 17\"\n\txmlns=\"http:\/\/www.w3.org\/2000\/svg\"\n>\n\t<path fill-rule=\"evenodd\" clip-rule=\"evenodd\" d=\"M.128.896V16.13c0 .211.145.383.323.383h15.354c.179 0 .323-.172.323-.383V.896c0-.212-.144-.383-.323-.383H.451C.273.513.128.684.128.896Zm16 6.742h-.901V4.679H1.009v10.729h14.218v-3.336h.901V7.638ZM1.01 1.614h14.218v2.058H1.009V1.614Z\" \/>\n\t<path d=\"M20.5 9.846H8.312M18.524 6.953l2.89 2.909-2.855 2.855\" stroke-width=\"1.2\" stroke-linecap=\"round\" stroke-linejoin=\"round\"\/>\n<\/svg>\n\t\t\t\t\t\t<button\n\t\t\t\t\t\t\tclass=\"tribe-events-c-subscribe-dropdown__button-text\"\n\t\t\t\t\t\t\taria-expanded=\"false\"\n\t\t\t\t\t\t\taria-controls=\"tribe-events-subscribe-dropdown-content\"\n\t\t\t\t\t\t\taria-label=\"Afficher les liens permettant d\u2019ajouter des \u00e9v\u00e8nements \u00e0 votre calendrier\"\n\t\t\t\t\t\t>\n\t\t\t\t\t\t\tAjouter au calendrier\t\t\t\t\t\t<\/button>\n\t\t\t\t\t\t<svg\n\t class=\"tribe-common-c-svgicon tribe-common-c-svgicon--caret-down tribe-events-c-subscribe-dropdown__button-icon\" \taria-hidden=\"true\"\n\tviewBox=\"0 0 10 7\"\n\txmlns=\"http:\/\/www.w3.org\/2000\/svg\"\n>\n\t<path fill-rule=\"evenodd\" clip-rule=\"evenodd\" d=\"M1.008.609L5 4.6 8.992.61l.958.958L5 6.517.05 1.566l.958-.958z\" class=\"tribe-common-c-svgicon__svg-fill\"\/>\n<\/svg>\n\t\t\t\t\t<\/div>\n\t\t\t\t\t<div id=\"tribe-events-subscribe-dropdown-content\" class=\"tribe-events-c-subscribe-dropdown__content\">\n\t\t\t\t\t\t<ul class=\"tribe-events-c-subscribe-dropdown__list\">\n\t\t\t\t\t\t\t\t\t\t\t\t\t\t\t<li class=\"tribe-events-c-subscribe-dropdown__list-item tribe-events-c-subscribe-dropdown__list-item--gcal\">\n\t\t\t\t\t\t\t\t\t<a\n\t\t\t\t\t\t\t\t\t\thref=\"https:\/\/www.google.com\/calendar\/event?action=TEMPLATE&#038;dates=20260416T190000\/20260416T210000&#038;text=Comme%20on%20les%20enferme.%20Dans%20les%20centres%20de%20r%C3%A9tention%2C%20de%20Paris%20%C3%A0%20Lampedusa.%20Rencontre%20avec%20Louise%20Tassin%20le%2016%20avril%20%C3%A0%2019h&#038;details=%3Cdiv+class%3D%22wp-block-columns%22%3E%3Cdiv+class%3D%22wp-block-column%22%3E%3Cp%3EPartout+en+Europe%2C+%C3%A0+l%27abri+des+regards%2C+les+centres+de+r%C3%A9tention+destin%C3%A9s+%C3%A0+organiser+l%27expulsion+des+sans-papiers+se+multiplient.+Au+nom+du+contr%C3%B4le+des+fronti%C3%A8res%2C+des+milliers+de+personnes+y+voient+leurs+droits+fondamentaux+bafou%C3%A9s.+Surmontant+les+difficult%C3%A9s+d%27acc%C3%A8s+%C3%A0+ces+lieux%2C+Louise+Tassin+est+parvenue+%C3%A0+enqu%C3%AAter+au+c%C5%93ur+et+autour+de+ces+dispositifs.+Gr%C3%A2ce+%C3%A0+une+immersion+in%C3%A9dite+dans+des+centres+d%27%C3%8Ele-de-France+et+sur+les+%C3%AEles+de+Lesbos+et+Lampedusa%2C+elle+livre+un+tableau+vivant+et+document%C3%A9+de+cet+enfermement+de+masse.Avec+elle%2C+on+d%C3%A9couvre+qu%27une+partie+du+personnel+en+charge+de+la+r%C3%A9tention+a+connu+des+trajectoires+migratoires+similaires+%C3%A0+celles+des+%22+retenu.es+%22.+Autrement+dit+%3A+pas+d%27enfermement+des+%C3%A9tranger.es...+sans+l%27appui+d%27une+main-d%27%C5%93uvre+immigr%C3%A9e+pr%C3%A9caire.%3Cbr+%2F%3ELe+contr%C3%B4le+des+fronti%C3%A8res+est+par+ailleurs+largement+d%C3%A9l%C3%A9gu%C3%A9+%C3%A0+des+acteurs+priv%C3%A9s+%28entreprises%2C+associ%3C%2Fp%3E%3C%2Fdiv%3E%3C%2Fdiv%3E%28Voir+toute+la+description+de+%C3%A9v%C3%A8nement+ici%C2%A0%3A+https%3A%2F%2Flestempssauvages.fr%2Findex.php%2Fevent%2Fcomme-on-les-enferme-dans-les-centres-de-retention-de-paris-a-lampedusa-rencontre-avec-louise-tassin-le-16-avril-a-19h%2F%29&#038;trp=false&#038;ctz=Europe\/Paris&#038;sprop=website:https:\/\/lestempssauvages.fr\"\n\t\t\t\t\t\t\t\t\t\tclass=\"tribe-events-c-subscribe-dropdown__list-item-link\"\n\t\t\t\t\t\t\t\t\t\ttarget=\"_blank\"\n\t\t\t\t\t\t\t\t\t\trel=\"noopener noreferrer nofollow noindex\"\n\t\t\t\t\t\t\t\t\t>\n\t\t\t\t\t\t\t\t\t\tGoogle Agenda\t\t\t\t\t\t\t\t\t<\/a>\n\t\t\t\t\t\t\t\t<\/li>\n\t\t\t\t\t\t\t\t\t\t\t\t\t\t\t<li class=\"tribe-events-c-subscribe-dropdown__list-item tribe-events-c-subscribe-dropdown__list-item--ical\">\n\t\t\t\t\t\t\t\t\t<a\n\t\t\t\t\t\t\t\t\t\thref=\"\"\n\t\t\t\t\t\t\t\t\t\tclass=\"tribe-events-c-subscribe-dropdown__list-item-link\"\n\t\t\t\t\t\t\t\t\t\ttarget=\"_blank\"\n\t\t\t\t\t\t\t\t\t\trel=\"noopener noreferrer nofollow noindex\"\n\t\t\t\t\t\t\t\t\t>\n\t\t\t\t\t\t\t\t\t\tiCalendar\t\t\t\t\t\t\t\t\t<\/a>\n\t\t\t\t\t\t\t\t<\/li>\n\t\t\t\t\t\t\t\t\t\t\t\t\t\t\t<li class=\"tribe-events-c-subscribe-dropdown__list-item tribe-events-c-subscribe-dropdown__list-item--outlook-365\">\n\t\t\t\t\t\t\t\t\t<a\n\t\t\t\t\t\t\t\t\t\thref=\"\"\n\t\t\t\t\t\t\t\t\t\tclass=\"tribe-events-c-subscribe-dropdown__list-item-link\"\n\t\t\t\t\t\t\t\t\t\ttarget=\"_blank\"\n\t\t\t\t\t\t\t\t\t\trel=\"noopener noreferrer nofollow noindex\"\n\t\t\t\t\t\t\t\t\t>\n\t\t\t\t\t\t\t\t\t\tOutlook 365\t\t\t\t\t\t\t\t\t<\/a>\n\t\t\t\t\t\t\t\t<\/li>\n\t\t\t\t\t\t\t\t\t\t\t\t\t\t\t<li class=\"tribe-events-c-subscribe-dropdown__list-item tribe-events-c-subscribe-dropdown__list-item--outlook-live\">\n\t\t\t\t\t\t\t\t\t<a\n\t\t\t\t\t\t\t\t\t\thref=\"\"\n\t\t\t\t\t\t\t\t\t\tclass=\"tribe-events-c-subscribe-dropdown__list-item-link\"\n\t\t\t\t\t\t\t\t\t\ttarget=\"_blank\"\n\t\t\t\t\t\t\t\t\t\trel=\"noopener noreferrer nofollow noindex\"\n\t\t\t\t\t\t\t\t\t>\n\t\t\t\t\t\t\t\t\t\tOutlook Live\t\t\t\t\t\t\t\t\t<\/a>\n\t\t\t\t\t\t\t\t<\/li>\n\t\t\t\t\t\t\t\t\t\t\t\t\t<\/ul>\n\t\t\t\t\t<\/div>\n\t\t\t\t<\/div>\n\t\t\t<\/div>\n\t\t<\/div>\n\t<\/div>\n\n","protected":false},"excerpt":{"rendered":"<p>Partout en Europe, \u00e0 l&rsquo;abri des regards, les centres de r\u00e9tention destin\u00e9s \u00e0 organiser l&rsquo;expulsion des sans-papiers se multiplient. Au nom du contr\u00f4le des fronti\u00e8res, des milliers de personnes y &hellip;<\/p>\n<p class=\"read-more\"> <a class=\"\" href=\"https:\/\/lestempssauvages.fr\/index.php\/event\/comme-on-les-enferme-dans-les-centres-de-retention-de-paris-a-lampedusa-rencontre-avec-louise-tassin-le-16-avril-a-19h\/\"> <span class=\"screen-reader-text\">Comme on les enferme. Dans les centres de r\u00e9tention, de Paris \u00e0 Lampedusa. Rencontre avec Louise Tassin le 16 avril \u00e0 19h<\/span> Lire la suite\u00a0\u00bb<\/a><\/p>\n","protected":false},"author":1,"featured_media":11510,"template":"","meta":{"site-sidebar-layout":"default","site-content-layout":"","ast-site-content-layout":"default","site-content-style":"default","site-sidebar-style":"default","ast-global-header-display":"","ast-banner-title-visibility":"","ast-main-header-display":"","ast-hfb-above-header-display":"","ast-hfb-below-header-display":"","ast-hfb-mobile-header-display":"","site-post-title":"","ast-breadcrumbs-content":"","ast-featured-img":"","footer-sml-layout":"","theme-transparent-header-meta":"","adv-header-id-meta":"","stick-header-meta":"","header-above-stick-meta":"","header-main-stick-meta":"","header-below-stick-meta":"","astra-migrate-meta-layouts":"set","ngg_post_thumbnail":0,"_EventAllDay":false,"_EventTimezone":"Europe\/Paris","_EventStartDate":"2026-04-16 19:00:00","_EventEndDate":"2026-04-16 21:00:00","_EventStartDateUTC":"2026-04-16 17:00:00","_EventEndDateUTC":"2026-04-16 19:00:00","_EventShowMap":false,"_EventShowMapLink":false,"_EventURL":"","_EventCost":"","_EventCostDescription":"","_EventCurrencySymbol":"\u20ac","_EventCurrencyCode":"EUR","_EventCurrencyPosition":"prefix","_EventDateTimeSeparator":" @ ","_EventTimeRangeSeparator":" - ","_EventOrganizerID":[],"_EventVenueID":[],"_OrganizerEmail":"","_OrganizerPhone":"","_OrganizerWebsite":"","_VenueAddress":"","_VenueCity":"","_VenueCountry":"","_VenueProvince":"","_VenueState":"","_VenueZip":"","_VenuePhone":"","_VenueURL":"","_VenueStateProvince":"","_VenueLat":"","_VenueLng":"","_VenueShowMap":false,"_VenueShowMapLink":false,"_tribe_events_status":"","_tribe_events_status_reason":"","footnotes":""},"tags":[],"tribe_events_cat":[],"class_list":["post-11509","tribe_events","type-tribe_events","status-publish","has-post-thumbnail","hentry"],"aioseo_notices":[],"_links":{"self":[{"href":"https:\/\/lestempssauvages.fr\/index.php\/wp-json\/wp\/v2\/tribe_events\/11509","targetHints":{"allow":["GET"]}}],"collection":[{"href":"https:\/\/lestempssauvages.fr\/index.php\/wp-json\/wp\/v2\/tribe_events"}],"about":[{"href":"https:\/\/lestempssauvages.fr\/index.php\/wp-json\/wp\/v2\/types\/tribe_events"}],"author":[{"embeddable":true,"href":"https:\/\/lestempssauvages.fr\/index.php\/wp-json\/wp\/v2\/users\/1"}],"version-history":[{"count":2,"href":"https:\/\/lestempssauvages.fr\/index.php\/wp-json\/wp\/v2\/tribe_events\/11509\/revisions"}],"predecessor-version":[{"id":11516,"href":"https:\/\/lestempssauvages.fr\/index.php\/wp-json\/wp\/v2\/tribe_events\/11509\/revisions\/11516"}],"wp:featuredmedia":[{"embeddable":true,"href":"https:\/\/lestempssauvages.fr\/index.php\/wp-json\/wp\/v2\/media\/11510"}],"wp:attachment":[{"href":"https:\/\/lestempssauvages.fr\/index.php\/wp-json\/wp\/v2\/media?parent=11509"}],"wp:term":[{"taxonomy":"post_tag","embeddable":true,"href":"https:\/\/lestempssauvages.fr\/index.php\/wp-json\/wp\/v2\/tags?post=11509"},{"taxonomy":"tribe_events_cat","embeddable":true,"href":"https:\/\/lestempssauvages.fr\/index.php\/wp-json\/wp\/v2\/tribe_events_cat?post=11509"}],"curies":[{"name":"wp","href":"https:\/\/api.w.org\/{rel}","templated":true}]}}