{"id":11494,"date":"2026-03-31T11:12:49","date_gmt":"2026-03-31T09:12:49","guid":{"rendered":"https:\/\/lestempssauvages.fr\/?post_type=tribe_events&#038;p=11494"},"modified":"2026-03-31T11:12:51","modified_gmt":"2026-03-31T09:12:51","slug":"la-bourse-ou-la-vie-le-front-populaire-histoire-pour-aujourdhui-rencontre-avec-ludivine-bantigny-le-9-avril-a-19h","status":"publish","type":"tribe_events","link":"https:\/\/lestempssauvages.fr\/index.php\/event\/la-bourse-ou-la-vie-le-front-populaire-histoire-pour-aujourdhui-rencontre-avec-ludivine-bantigny-le-9-avril-a-19h\/","title":{"rendered":"La Bourse ou la vie. Le Front populaire, histoire pour aujourd&rsquo;hui. Rencontre avec Ludivine Bantigny le 9 avril \u00e0 19h"},"content":{"rendered":"<div  class=\"tribe-events-schedule tribe-clearfix\" >\n\t<p class=\"tribe-events-schedule__datetime\">\n\t\t<span class=\"tribe-events-schedule__date tribe-events-schedule__date--start\">\n\t\t\t9 avril\t\t<\/span>\n\n\t\t\t\t\t<span class=\"tribe-events-schedule__separator tribe-events-schedule__separator--date\">\n\t\t\t\t @ \t\t\t<\/span>\n\t\t\t<span class=\"tribe-events-schedule__time tribe-events-schedule__time--start\">\n\t\t\t\t19h00\t\t\t<\/span>\n\t\t\n\t\t\t\t\t\t\t\t\t<span class=\"tribe-events-schedule__separator tribe-events-schedule__separator--time\">\n\t\t\t\t\t &#8211; \t\t\t\t<\/span>\n\t\t\t\n\t\t\t\t\t\t\t<span class=\"tribe-events-schedule__time tribe-events-schedule__time--end\">\n\t\t\t\t\t21h00\t\t\t\t<\/span>\n\t\t\t\n\t\t\t\t\t\t<\/p>\n<\/div>\n\n\n\n<div class=\"wp-block-columns is-layout-flex wp-container-core-columns-is-layout-28f84493 wp-block-columns-is-layout-flex\">\n<div class=\"wp-block-column is-layout-flow wp-block-column-is-layout-flow\">\n<p>Le Front populaire reste un moment mythique. Entre 1934 et 1938, les gauches ont choisi de s&rsquo;unir pour r\u00e9pondre \u00e0 d&rsquo;immenses d\u00e9fis, entre grave crise du capitalisme et menace fasciste. De grandes avanc\u00e9es sociales \u2013 cong\u00e9s pay\u00e9s, quarante heures, conventions collectives \u2013 ont \u00e9t\u00e9 arrach\u00e9es dans un rapport de force intense. Mais dans le m\u00eame temps, les gouvernements ont d\u00fb c\u00e9der aux besoins de la d\u00e9fense nationale ; face au soul\u00e8vement franquiste, ils ont choisi de ne pas intervenir en Espagne ; et ils n&rsquo;ont pas davantage remis en cause le joug colonial. Loin des l\u00e9gendes qui entourent le Front populaire, ce livre en propose une lecture lucide et originale, analysant sa complexit\u00e9.<br>\u00c0 partir de sources foisonnantes qui permettent une histoire vivante et incarn\u00e9e, l&rsquo;ouvrage restitue l&rsquo;\u00e9lan des gr\u00e8ves, la cr\u00e9ativit\u00e9 populaire et la force des solidarit\u00e9s, mais aussi la r\u00e9pression, les obstacles et les contradictions. Il combine sc\u00e8nes locales, enjeux nationaux et internationaux pour \u00e9voquer des contraintes sociales, \u00e9conomiques et g\u00e9opolitiques aussi puissantes qu&rsquo;in\u00e9dites. D&rsquo;o\u00f9 le titre : \u00ab\u00a0La Bourse ou la vie\u00a0\u00bb. D&rsquo;un c\u00f4t\u00e9, le Front populaire aspire \u00e0 une vie plus juste, humaine et digne, comme un tr\u00e9sor qu&rsquo;on ch\u00e9rit, un espoir pour la d\u00e9mocratie. D&rsquo;un autre c\u00f4t\u00e9, il m\u00e8ne un bras de fer avec la Bourse et les puissances financi\u00e8res ; il est soucieux de relance \u00e9conomique, par l&rsquo;encouragement aux investissements. Cette tension est au c\u0153ur du livre, \u00e0 la mani\u00e8re d&rsquo;un d\u00e9chirement. Une histoire profond\u00e9ment renouvel\u00e9e, qui nous parle aussi d&rsquo;aujourd&rsquo;hui.<\/p>\n<\/div>\n\n\n\n<div class=\"wp-block-column is-layout-flow wp-block-column-is-layout-flow\">\n<figure class=\"wp-block-image size-large\"><img loading=\"lazy\" decoding=\"async\" width=\"657\" height=\"1024\" src=\"https:\/\/lestempssauvages.fr\/wp-content\/uploads\/2026\/03\/9782348089084-657x1024.jpg\" alt=\"\" class=\"wp-image-11495\" srcset=\"https:\/\/lestempssauvages.fr\/wp-content\/uploads\/2026\/03\/9782348089084-657x1024.jpg 657w, https:\/\/lestempssauvages.fr\/wp-content\/uploads\/2026\/03\/9782348089084-192x300.jpg 192w, https:\/\/lestempssauvages.fr\/wp-content\/uploads\/2026\/03\/9782348089084-768x1197.jpg 768w, https:\/\/lestempssauvages.fr\/wp-content\/uploads\/2026\/03\/9782348089084.jpg 800w\" sizes=\"auto, (max-width: 657px) 100vw, 657px\" \/><\/figure>\n<\/div>\n<\/div>\n\n\n\n<p><strong>Ludivine Bantigny<\/strong>\u00a0est historienne, enseignante et chercheuse, membre du laboratoire d&rsquo;histoire de l&rsquo;universit\u00e9 Rouen-Normandie. Elle travaille sur l&rsquo;histoire des mouvements sociaux et des engagements politiques.<\/p>\n\n\n<div  class=\"tribe-block tribe-block__event-price\" >\n\t\t<\/div>\n\n\n\n\n<div  class=\"tribe-block tribe-block__venue tribe-clearfix\" >\n\t\n\t\t\n\t<\/div>\n\n\n\n\n\t<div  class=\"tribe-block tribe-block__events-link\" >\n\t\t<div class=\"tribe-events tribe-common\">\n\t\t\t<div class=\"tribe-events-c-subscribe-dropdown__container\">\n\t\t\t\t<div class=\"tribe-events-c-subscribe-dropdown\">\n\t\t\t\t\t<div class=\"tribe-common-c-btn-border tribe-events-c-subscribe-dropdown__button\">\n\t\t\t\t\t\t<svg\n\t class=\"tribe-common-c-svgicon tribe-common-c-svgicon--cal-export tribe-events-c-subscribe-dropdown__export-icon\" \taria-hidden=\"true\"\n\tviewBox=\"0 0 23 17\"\n\txmlns=\"http:\/\/www.w3.org\/2000\/svg\"\n>\n\t<path fill-rule=\"evenodd\" clip-rule=\"evenodd\" d=\"M.128.896V16.13c0 .211.145.383.323.383h15.354c.179 0 .323-.172.323-.383V.896c0-.212-.144-.383-.323-.383H.451C.273.513.128.684.128.896Zm16 6.742h-.901V4.679H1.009v10.729h14.218v-3.336h.901V7.638ZM1.01 1.614h14.218v2.058H1.009V1.614Z\" \/>\n\t<path d=\"M20.5 9.846H8.312M18.524 6.953l2.89 2.909-2.855 2.855\" stroke-width=\"1.2\" stroke-linecap=\"round\" stroke-linejoin=\"round\"\/>\n<\/svg>\n\t\t\t\t\t\t<button\n\t\t\t\t\t\t\tclass=\"tribe-events-c-subscribe-dropdown__button-text\"\n\t\t\t\t\t\t\taria-expanded=\"false\"\n\t\t\t\t\t\t\taria-controls=\"tribe-events-subscribe-dropdown-content\"\n\t\t\t\t\t\t\taria-label=\"Afficher les liens permettant d\u2019ajouter des \u00e9v\u00e8nements \u00e0 votre calendrier\"\n\t\t\t\t\t\t>\n\t\t\t\t\t\t\tAjouter au calendrier\t\t\t\t\t\t<\/button>\n\t\t\t\t\t\t<svg\n\t class=\"tribe-common-c-svgicon tribe-common-c-svgicon--caret-down tribe-events-c-subscribe-dropdown__button-icon\" \taria-hidden=\"true\"\n\tviewBox=\"0 0 10 7\"\n\txmlns=\"http:\/\/www.w3.org\/2000\/svg\"\n>\n\t<path fill-rule=\"evenodd\" clip-rule=\"evenodd\" d=\"M1.008.609L5 4.6 8.992.61l.958.958L5 6.517.05 1.566l.958-.958z\" class=\"tribe-common-c-svgicon__svg-fill\"\/>\n<\/svg>\n\t\t\t\t\t<\/div>\n\t\t\t\t\t<div id=\"tribe-events-subscribe-dropdown-content\" class=\"tribe-events-c-subscribe-dropdown__content\">\n\t\t\t\t\t\t<ul class=\"tribe-events-c-subscribe-dropdown__list\">\n\t\t\t\t\t\t\t\t\t\t\t\t\t\t\t<li class=\"tribe-events-c-subscribe-dropdown__list-item tribe-events-c-subscribe-dropdown__list-item--gcal\">\n\t\t\t\t\t\t\t\t\t<a\n\t\t\t\t\t\t\t\t\t\thref=\"https:\/\/www.google.com\/calendar\/event?action=TEMPLATE&#038;dates=20260409T190000\/20260409T210000&#038;text=La%20Bourse%20ou%20la%20vie.%20Le%20Front%20populaire%2C%20histoire%20pour%20aujourd%26rsquo%3Bhui.%20Rencontre%20avec%20Ludivine%20Bantigny%20le%209%20avril%20%C3%A0%2019h&#038;details=%3Cdiv+class%3D%22wp-block-columns%22%3E%3Cdiv+class%3D%22wp-block-column%22%3E%3Cp%3ELe+Front+populaire+reste+un+moment+mythique.+Entre+1934+et+1938%2C+les+gauches+ont+choisi+de+s%27unir+pour+r%C3%A9pondre+%C3%A0+d%27immenses+d%C3%A9fis%2C+entre+grave+crise+du+capitalisme+et+menace+fasciste.+De+grandes+avanc%C3%A9es+sociales+%E2%80%93+cong%C3%A9s+pay%C3%A9s%2C+quarante+heures%2C+conventions+collectives+%E2%80%93+ont+%C3%A9t%C3%A9+arrach%C3%A9es+dans+un+rapport+de+force+intense.+Mais+dans+le+m%C3%AAme+temps%2C+les+gouvernements+ont+d%C3%BB+c%C3%A9der+aux+besoins+de+la+d%C3%A9fense+nationale+%3B+face+au+soul%C3%A8vement+franquiste%2C+ils+ont+choisi+de+ne+pas+intervenir+en+Espagne+%3B+et+ils+n%27ont+pas+davantage+remis+en+cause+le+joug+colonial.+Loin+des+l%C3%A9gendes+qui+entourent+le+Front+populaire%2C+ce+livre+en+propose+une+lecture+lucide+et+originale%2C+analysant+sa+complexit%C3%A9.%3Cbr+%2F%3E%C3%80+partir+de+sources+foisonnantes+qui+permettent+une+histoire+vivante+et+incarn%C3%A9e%2C+l%27ouvrage+restitue+l%27%C3%A9lan+des+gr%C3%A8ves%2C+la+cr%C3%A9ativit%C3%A9+populaire+et+la+force+des+solidarit%C3%A9s%2C+mais+aussi+la+r%C3%A9pression%2C+les+obsta%3C%2Fp%3E%3C%2Fdiv%3E%3C%2Fdiv%3E%28Voir+toute+la+description+de+%C3%A9v%C3%A8nement+ici%C2%A0%3A+https%3A%2F%2Flestempssauvages.fr%2Findex.php%2Fevent%2Fla-bourse-ou-la-vie-le-front-populaire-histoire-pour-aujourdhui-rencontre-avec-ludivine-bantigny-le-9-avril-a-19h%2F%29&#038;trp=false&#038;ctz=Europe\/Paris&#038;sprop=website:https:\/\/lestempssauvages.fr\"\n\t\t\t\t\t\t\t\t\t\tclass=\"tribe-events-c-subscribe-dropdown__list-item-link\"\n\t\t\t\t\t\t\t\t\t\ttarget=\"_blank\"\n\t\t\t\t\t\t\t\t\t\trel=\"noopener noreferrer nofollow noindex\"\n\t\t\t\t\t\t\t\t\t>\n\t\t\t\t\t\t\t\t\t\tGoogle Agenda\t\t\t\t\t\t\t\t\t<\/a>\n\t\t\t\t\t\t\t\t<\/li>\n\t\t\t\t\t\t\t\t\t\t\t\t\t\t\t<li class=\"tribe-events-c-subscribe-dropdown__list-item tribe-events-c-subscribe-dropdown__list-item--ical\">\n\t\t\t\t\t\t\t\t\t<a\n\t\t\t\t\t\t\t\t\t\thref=\"\"\n\t\t\t\t\t\t\t\t\t\tclass=\"tribe-events-c-subscribe-dropdown__list-item-link\"\n\t\t\t\t\t\t\t\t\t\ttarget=\"_blank\"\n\t\t\t\t\t\t\t\t\t\trel=\"noopener noreferrer nofollow noindex\"\n\t\t\t\t\t\t\t\t\t>\n\t\t\t\t\t\t\t\t\t\tiCalendar\t\t\t\t\t\t\t\t\t<\/a>\n\t\t\t\t\t\t\t\t<\/li>\n\t\t\t\t\t\t\t\t\t\t\t\t\t\t\t<li class=\"tribe-events-c-subscribe-dropdown__list-item tribe-events-c-subscribe-dropdown__list-item--outlook-365\">\n\t\t\t\t\t\t\t\t\t<a\n\t\t\t\t\t\t\t\t\t\thref=\"\"\n\t\t\t\t\t\t\t\t\t\tclass=\"tribe-events-c-subscribe-dropdown__list-item-link\"\n\t\t\t\t\t\t\t\t\t\ttarget=\"_blank\"\n\t\t\t\t\t\t\t\t\t\trel=\"noopener noreferrer nofollow noindex\"\n\t\t\t\t\t\t\t\t\t>\n\t\t\t\t\t\t\t\t\t\tOutlook 365\t\t\t\t\t\t\t\t\t<\/a>\n\t\t\t\t\t\t\t\t<\/li>\n\t\t\t\t\t\t\t\t\t\t\t\t\t\t\t<li class=\"tribe-events-c-subscribe-dropdown__list-item tribe-events-c-subscribe-dropdown__list-item--outlook-live\">\n\t\t\t\t\t\t\t\t\t<a\n\t\t\t\t\t\t\t\t\t\thref=\"\"\n\t\t\t\t\t\t\t\t\t\tclass=\"tribe-events-c-subscribe-dropdown__list-item-link\"\n\t\t\t\t\t\t\t\t\t\ttarget=\"_blank\"\n\t\t\t\t\t\t\t\t\t\trel=\"noopener noreferrer nofollow noindex\"\n\t\t\t\t\t\t\t\t\t>\n\t\t\t\t\t\t\t\t\t\tOutlook Live\t\t\t\t\t\t\t\t\t<\/a>\n\t\t\t\t\t\t\t\t<\/li>\n\t\t\t\t\t\t\t\t\t\t\t\t\t<\/ul>\n\t\t\t\t\t<\/div>\n\t\t\t\t<\/div>\n\t\t\t<\/div>\n\t\t<\/div>\n\t<\/div>\n\n","protected":false},"excerpt":{"rendered":"<p>Le Front populaire reste un moment mythique. Entre 1934 et 1938, les gauches ont choisi de s&rsquo;unir pour r\u00e9pondre \u00e0 d&rsquo;immenses d\u00e9fis, entre grave crise du capitalisme et menace fasciste. &hellip;<\/p>\n<p class=\"read-more\"> <a class=\"\" href=\"https:\/\/lestempssauvages.fr\/index.php\/event\/la-bourse-ou-la-vie-le-front-populaire-histoire-pour-aujourdhui-rencontre-avec-ludivine-bantigny-le-9-avril-a-19h\/\"> <span class=\"screen-reader-text\">La Bourse ou la vie. Le Front populaire, histoire pour aujourd&rsquo;hui. Rencontre avec Ludivine Bantigny le 9 avril \u00e0 19h<\/span> Lire la suite\u00a0\u00bb<\/a><\/p>\n","protected":false},"author":1,"featured_media":11495,"template":"","meta":{"site-sidebar-layout":"default","site-content-layout":"","ast-site-content-layout":"default","site-content-style":"default","site-sidebar-style":"default","ast-global-header-display":"","ast-banner-title-visibility":"","ast-main-header-display":"","ast-hfb-above-header-display":"","ast-hfb-below-header-display":"","ast-hfb-mobile-header-display":"","site-post-title":"","ast-breadcrumbs-content":"","ast-featured-img":"","footer-sml-layout":"","theme-transparent-header-meta":"","adv-header-id-meta":"","stick-header-meta":"","header-above-stick-meta":"","header-main-stick-meta":"","header-below-stick-meta":"","astra-migrate-meta-layouts":"set","ngg_post_thumbnail":0,"_EventAllDay":false,"_EventTimezone":"Europe\/Paris","_EventStartDate":"2026-04-09 19:00:00","_EventEndDate":"2026-04-09 21:00:00","_EventStartDateUTC":"2026-04-09 17:00:00","_EventEndDateUTC":"2026-04-09 19:00:00","_EventShowMap":false,"_EventShowMapLink":false,"_EventURL":"","_EventCost":"","_EventCostDescription":"","_EventCurrencySymbol":"\u20ac","_EventCurrencyCode":"EUR","_EventCurrencyPosition":"prefix","_EventDateTimeSeparator":" @ ","_EventTimeRangeSeparator":" - ","_EventOrganizerID":[],"_EventVenueID":[],"_OrganizerEmail":"","_OrganizerPhone":"","_OrganizerWebsite":"","_VenueAddress":"","_VenueCity":"","_VenueCountry":"","_VenueProvince":"","_VenueState":"","_VenueZip":"","_VenuePhone":"","_VenueURL":"","_VenueStateProvince":"","_VenueLat":"","_VenueLng":"","_VenueShowMap":false,"_VenueShowMapLink":false,"_tribe_events_status":"","_tribe_events_status_reason":"","footnotes":""},"tags":[],"tribe_events_cat":[],"class_list":["post-11494","tribe_events","type-tribe_events","status-publish","has-post-thumbnail","hentry"],"aioseo_notices":[],"_links":{"self":[{"href":"https:\/\/lestempssauvages.fr\/index.php\/wp-json\/wp\/v2\/tribe_events\/11494","targetHints":{"allow":["GET"]}}],"collection":[{"href":"https:\/\/lestempssauvages.fr\/index.php\/wp-json\/wp\/v2\/tribe_events"}],"about":[{"href":"https:\/\/lestempssauvages.fr\/index.php\/wp-json\/wp\/v2\/types\/tribe_events"}],"author":[{"embeddable":true,"href":"https:\/\/lestempssauvages.fr\/index.php\/wp-json\/wp\/v2\/users\/1"}],"version-history":[{"count":1,"href":"https:\/\/lestempssauvages.fr\/index.php\/wp-json\/wp\/v2\/tribe_events\/11494\/revisions"}],"predecessor-version":[{"id":11496,"href":"https:\/\/lestempssauvages.fr\/index.php\/wp-json\/wp\/v2\/tribe_events\/11494\/revisions\/11496"}],"wp:featuredmedia":[{"embeddable":true,"href":"https:\/\/lestempssauvages.fr\/index.php\/wp-json\/wp\/v2\/media\/11495"}],"wp:attachment":[{"href":"https:\/\/lestempssauvages.fr\/index.php\/wp-json\/wp\/v2\/media?parent=11494"}],"wp:term":[{"taxonomy":"post_tag","embeddable":true,"href":"https:\/\/lestempssauvages.fr\/index.php\/wp-json\/wp\/v2\/tags?post=11494"},{"taxonomy":"tribe_events_cat","embeddable":true,"href":"https:\/\/lestempssauvages.fr\/index.php\/wp-json\/wp\/v2\/tribe_events_cat?post=11494"}],"curies":[{"name":"wp","href":"https:\/\/api.w.org\/{rel}","templated":true}]}}