{"id":11470,"date":"2026-01-21T17:15:51","date_gmt":"2026-01-21T16:15:51","guid":{"rendered":"https:\/\/lestempssauvages.fr\/?post_type=tribe_events&#038;p=11470"},"modified":"2026-01-21T17:15:53","modified_gmt":"2026-01-21T16:15:53","slug":"a-lassaut-de-labondance-socialisme-et-consommation-du-19e-siecle-a-nos-jours-rencontre-avec-alexia-blin-le-19-fevrier","status":"publish","type":"tribe_events","link":"https:\/\/lestempssauvages.fr\/index.php\/event\/a-lassaut-de-labondance-socialisme-et-consommation-du-19e-siecle-a-nos-jours-rencontre-avec-alexia-blin-le-19-fevrier\/","title":{"rendered":"\u00c0 l&rsquo;assaut de l&rsquo;abondance. Socialisme et consommation du 19e si\u00e8cle \u00e0 nos jours. Rencontre avec Alexia Blin le 19 f\u00e9vrier"},"content":{"rendered":"<div  class=\"tribe-events-schedule tribe-clearfix\" >\n\t<p class=\"tribe-events-schedule__datetime\">\n\t\t<span class=\"tribe-events-schedule__date tribe-events-schedule__date--start\">\n\t\t\t19 f\u00e9vrier\t\t<\/span>\n\n\t\t\t\t\t<span class=\"tribe-events-schedule__separator tribe-events-schedule__separator--date\">\n\t\t\t\t @ \t\t\t<\/span>\n\t\t\t<span class=\"tribe-events-schedule__time tribe-events-schedule__time--start\">\n\t\t\t\t19h00\t\t\t<\/span>\n\t\t\n\t\t\t\t\t\t\t\t\t<span class=\"tribe-events-schedule__separator tribe-events-schedule__separator--time\">\n\t\t\t\t\t &#8211; \t\t\t\t<\/span>\n\t\t\t\n\t\t\t\t\t\t\t<span class=\"tribe-events-schedule__time tribe-events-schedule__time--end\">\n\t\t\t\t\t21h00\t\t\t\t<\/span>\n\t\t\t\n\t\t\t\t\t\t<\/p>\n<\/div>\n\n\n\n<div class=\"wp-block-columns is-layout-flex wp-container-core-columns-is-layout-28f84493 wp-block-columns-is-layout-flex\">\n<div class=\"wp-block-column is-layout-flow wp-block-column-is-layout-flow\">\n<p>La gauche et la consommation ne sont pas r\u00e9put\u00e9es faire bon m\u00e9nage. Plus souvent associ\u00e9s au monde de l\u2019usine, les socialistes n\u2019auraient-ils rien \u00e0 dire aux consommateurs ? Bien au contraire : en faisant la synth\u00e8se de travaux souvent cloisonn\u00e9s, on montre ici \u00e0 quel point les divers courants socialistes, anarchistes ou communistes se sont pr\u00e9occup\u00e9s de nourrir, v\u00eatir et loger le peuple.<\/p>\n\n\n\n<p>De Robert Owen \u00e0 Andr\u00e9 Gorz, de Marx aux altermondialistes, les socialistes, des deux c\u00f4t\u00e9s de l\u2019Atlantique, n\u2019ont cess\u00e9 de penser la consommation et d\u2019imaginer les moyens de l\u2019organiser. Th\u00e9oriciens et simples militants n\u2019ont pas seulement r\u00eav\u00e9 une consommation nouvelle : ils l\u2019ont mise en pratique. Coop\u00e9ratives, magasins municipaux, maisons du peuple, th\u00e9\u00e2tres ou colonies de vacances : elle a connu de multiples incarnations depuis le d\u00e9but du xixe si\u00e8cle. Au fil de leur histoire, les socialistes se sont divis\u00e9s sur l\u2019attitude \u00e0 adopter face \u00e0 la soci\u00e9t\u00e9 de consommation, mais ils ne se sont pas mur\u00e9s dans le silence ou le m\u00e9pris auquel on veut souvent les r\u00e9duire. Pens\u00e9e collectivement, en lien avec le travail, et accord\u00e9e \u00ab \u00e0 chacun selon ses besoins \u00bb, la consommation socialiste existe bel et bien.<\/p>\n<\/div>\n\n\n\n<div class=\"wp-block-column is-layout-flow wp-block-column-is-layout-flow\">\n<figure class=\"wp-block-image size-full\"><img loading=\"lazy\" decoding=\"async\" width=\"302\" height=\"480\" src=\"https:\/\/lestempssauvages.fr\/wp-content\/uploads\/2026\/01\/13083767.jpg\" alt=\"\" class=\"wp-image-11471\" srcset=\"https:\/\/lestempssauvages.fr\/wp-content\/uploads\/2026\/01\/13083767.jpg 302w, https:\/\/lestempssauvages.fr\/wp-content\/uploads\/2026\/01\/13083767-189x300.jpg 189w\" sizes=\"auto, (max-width: 302px) 100vw, 302px\" \/><\/figure>\n<\/div>\n<\/div>\n\n\n\n<p><\/p>\n\n\n<div  class=\"tribe-block tribe-block__event-price\" >\n\t\t<\/div>\n\n\n\n\n<div  class=\"tribe-block tribe-block__venue tribe-clearfix\" >\n\t\n\t\t\n\t<\/div>\n\n\n\n\n\t<div  class=\"tribe-block tribe-block__events-link\" >\n\t\t<div class=\"tribe-events tribe-common\">\n\t\t\t<div class=\"tribe-events-c-subscribe-dropdown__container\">\n\t\t\t\t<div class=\"tribe-events-c-subscribe-dropdown\">\n\t\t\t\t\t<div class=\"tribe-common-c-btn-border tribe-events-c-subscribe-dropdown__button\">\n\t\t\t\t\t\t<svg\n\t class=\"tribe-common-c-svgicon tribe-common-c-svgicon--cal-export tribe-events-c-subscribe-dropdown__export-icon\" \taria-hidden=\"true\"\n\tviewBox=\"0 0 23 17\"\n\txmlns=\"http:\/\/www.w3.org\/2000\/svg\"\n>\n\t<path fill-rule=\"evenodd\" clip-rule=\"evenodd\" d=\"M.128.896V16.13c0 .211.145.383.323.383h15.354c.179 0 .323-.172.323-.383V.896c0-.212-.144-.383-.323-.383H.451C.273.513.128.684.128.896Zm16 6.742h-.901V4.679H1.009v10.729h14.218v-3.336h.901V7.638ZM1.01 1.614h14.218v2.058H1.009V1.614Z\" \/>\n\t<path d=\"M20.5 9.846H8.312M18.524 6.953l2.89 2.909-2.855 2.855\" stroke-width=\"1.2\" stroke-linecap=\"round\" stroke-linejoin=\"round\"\/>\n<\/svg>\n\t\t\t\t\t\t<button\n\t\t\t\t\t\t\tclass=\"tribe-events-c-subscribe-dropdown__button-text\"\n\t\t\t\t\t\t\taria-expanded=\"false\"\n\t\t\t\t\t\t\taria-controls=\"tribe-events-subscribe-dropdown-content\"\n\t\t\t\t\t\t\taria-label=\"Afficher les liens permettant d\u2019ajouter des \u00e9v\u00e8nements \u00e0 votre calendrier\"\n\t\t\t\t\t\t>\n\t\t\t\t\t\t\tAjouter au calendrier\t\t\t\t\t\t<\/button>\n\t\t\t\t\t\t<svg\n\t class=\"tribe-common-c-svgicon tribe-common-c-svgicon--caret-down tribe-events-c-subscribe-dropdown__button-icon\" \taria-hidden=\"true\"\n\tviewBox=\"0 0 10 7\"\n\txmlns=\"http:\/\/www.w3.org\/2000\/svg\"\n>\n\t<path fill-rule=\"evenodd\" clip-rule=\"evenodd\" d=\"M1.008.609L5 4.6 8.992.61l.958.958L5 6.517.05 1.566l.958-.958z\" class=\"tribe-common-c-svgicon__svg-fill\"\/>\n<\/svg>\n\t\t\t\t\t<\/div>\n\t\t\t\t\t<div id=\"tribe-events-subscribe-dropdown-content\" class=\"tribe-events-c-subscribe-dropdown__content\">\n\t\t\t\t\t\t<ul class=\"tribe-events-c-subscribe-dropdown__list\">\n\t\t\t\t\t\t\t\t\t\t\t\t\t\t\t<li class=\"tribe-events-c-subscribe-dropdown__list-item tribe-events-c-subscribe-dropdown__list-item--gcal\">\n\t\t\t\t\t\t\t\t\t<a\n\t\t\t\t\t\t\t\t\t\thref=\"https:\/\/www.google.com\/calendar\/event?action=TEMPLATE&#038;dates=20260219T190000\/20260219T210000&#038;text=%C3%80%20l%26rsquo%3Bassaut%20de%20l%26rsquo%3Babondance.%20Socialisme%20et%20consommation%20du%2019e%20si%C3%A8cle%20%C3%A0%20nos%20jours.%20Rencontre%20avec%20Alexia%20Blin%20le%2019%20f%C3%A9vrier&#038;details=%3Cdiv+class%3D%22wp-block-columns%22%3E%3Cdiv+class%3D%22wp-block-column%22%3E%3Cp%3ELa+gauche+et+la+consommation+ne+sont+pas+r%C3%A9put%C3%A9es+faire+bon+m%C3%A9nage.+Plus+souvent+associ%C3%A9s+au+monde+de+l%E2%80%99usine%2C+les+socialistes+n%E2%80%99auraient-ils+rien+%C3%A0+dire+aux+consommateurs+%3F+Bien+au+contraire+%3A+en+faisant+la+synth%C3%A8se+de+travaux+souvent+cloisonn%C3%A9s%2C+on+montre+ici+%C3%A0+quel+point+les+divers+courants+socialistes%2C+anarchistes+ou+communistes+se+sont+pr%C3%A9occup%C3%A9s+de+nourrir%2C+v%C3%AAtir+et+loger+le+peuple.%3C%2Fp%3E+%3Cp%3EDe+Robert+Owen+%C3%A0+Andr%C3%A9+Gorz%2C+de+Marx+aux+altermondialistes%2C+les+socialistes%2C+des+deux+c%C3%B4t%C3%A9s+de+l%E2%80%99Atlantique%2C+n%E2%80%99ont+cess%C3%A9+de+penser+la+consommation+et+d%E2%80%99imaginer+les+moyens+de+l%E2%80%99organiser.+Th%C3%A9oriciens+et+simples+militants+n%E2%80%99ont+pas+seulement+r%C3%AAv%C3%A9+une+consommation+nouvelle+%3A+ils+l%E2%80%99ont+mise+en+pratique.+Coop%C3%A9ratives%2C+magasins+municipaux%2C+maisons+du+peuple%2C+th%C3%A9%C3%A2tres+ou+colonies+de+vacances+%3A+elle+a+connu+de+multiples+incarnations+depuis+le+d%C3%A9but+du+xixe+si%C3%A8cle.+Au+fil+de+leur+histoire%2C%3C%2Fp%3E%3C%2Fdiv%3E%3C%2Fdiv%3E%28Voir+toute+la+description+de+%C3%A9v%C3%A8nement+ici%C2%A0%3A+https%3A%2F%2Flestempssauvages.fr%2Findex.php%2Fevent%2Fa-lassaut-de-labondance-socialisme-et-consommation-du-19e-siecle-a-nos-jours-rencontre-avec-alexia-blin-le-19-fevrier%2F%29&#038;trp=false&#038;ctz=Europe\/Paris&#038;sprop=website:https:\/\/lestempssauvages.fr\"\n\t\t\t\t\t\t\t\t\t\tclass=\"tribe-events-c-subscribe-dropdown__list-item-link\"\n\t\t\t\t\t\t\t\t\t\ttarget=\"_blank\"\n\t\t\t\t\t\t\t\t\t\trel=\"noopener noreferrer nofollow noindex\"\n\t\t\t\t\t\t\t\t\t>\n\t\t\t\t\t\t\t\t\t\tGoogle Agenda\t\t\t\t\t\t\t\t\t<\/a>\n\t\t\t\t\t\t\t\t<\/li>\n\t\t\t\t\t\t\t\t\t\t\t\t\t\t\t<li class=\"tribe-events-c-subscribe-dropdown__list-item tribe-events-c-subscribe-dropdown__list-item--ical\">\n\t\t\t\t\t\t\t\t\t<a\n\t\t\t\t\t\t\t\t\t\thref=\"\"\n\t\t\t\t\t\t\t\t\t\tclass=\"tribe-events-c-subscribe-dropdown__list-item-link\"\n\t\t\t\t\t\t\t\t\t\ttarget=\"_blank\"\n\t\t\t\t\t\t\t\t\t\trel=\"noopener noreferrer nofollow noindex\"\n\t\t\t\t\t\t\t\t\t>\n\t\t\t\t\t\t\t\t\t\tiCalendar\t\t\t\t\t\t\t\t\t<\/a>\n\t\t\t\t\t\t\t\t<\/li>\n\t\t\t\t\t\t\t\t\t\t\t\t\t\t\t<li class=\"tribe-events-c-subscribe-dropdown__list-item tribe-events-c-subscribe-dropdown__list-item--outlook-365\">\n\t\t\t\t\t\t\t\t\t<a\n\t\t\t\t\t\t\t\t\t\thref=\"\"\n\t\t\t\t\t\t\t\t\t\tclass=\"tribe-events-c-subscribe-dropdown__list-item-link\"\n\t\t\t\t\t\t\t\t\t\ttarget=\"_blank\"\n\t\t\t\t\t\t\t\t\t\trel=\"noopener noreferrer nofollow noindex\"\n\t\t\t\t\t\t\t\t\t>\n\t\t\t\t\t\t\t\t\t\tOutlook 365\t\t\t\t\t\t\t\t\t<\/a>\n\t\t\t\t\t\t\t\t<\/li>\n\t\t\t\t\t\t\t\t\t\t\t\t\t\t\t<li class=\"tribe-events-c-subscribe-dropdown__list-item tribe-events-c-subscribe-dropdown__list-item--outlook-live\">\n\t\t\t\t\t\t\t\t\t<a\n\t\t\t\t\t\t\t\t\t\thref=\"\"\n\t\t\t\t\t\t\t\t\t\tclass=\"tribe-events-c-subscribe-dropdown__list-item-link\"\n\t\t\t\t\t\t\t\t\t\ttarget=\"_blank\"\n\t\t\t\t\t\t\t\t\t\trel=\"noopener noreferrer nofollow noindex\"\n\t\t\t\t\t\t\t\t\t>\n\t\t\t\t\t\t\t\t\t\tOutlook Live\t\t\t\t\t\t\t\t\t<\/a>\n\t\t\t\t\t\t\t\t<\/li>\n\t\t\t\t\t\t\t\t\t\t\t\t\t<\/ul>\n\t\t\t\t\t<\/div>\n\t\t\t\t<\/div>\n\t\t\t<\/div>\n\t\t<\/div>\n\t<\/div>\n\n","protected":false},"excerpt":{"rendered":"<p>La gauche et la consommation ne sont pas r\u00e9put\u00e9es faire bon m\u00e9nage. Plus souvent associ\u00e9s au monde de l\u2019usine, les socialistes n\u2019auraient-ils rien \u00e0 dire aux consommateurs ? Bien au &hellip;<\/p>\n<p class=\"read-more\"> <a class=\"\" href=\"https:\/\/lestempssauvages.fr\/index.php\/event\/a-lassaut-de-labondance-socialisme-et-consommation-du-19e-siecle-a-nos-jours-rencontre-avec-alexia-blin-le-19-fevrier\/\"> <span class=\"screen-reader-text\">\u00c0 l&rsquo;assaut de l&rsquo;abondance. Socialisme et consommation du 19e si\u00e8cle \u00e0 nos jours. Rencontre avec Alexia Blin le 19 f\u00e9vrier<\/span> Lire la suite\u00a0\u00bb<\/a><\/p>\n","protected":false},"author":1,"featured_media":11471,"template":"","meta":{"site-sidebar-layout":"default","site-content-layout":"","ast-site-content-layout":"default","site-content-style":"default","site-sidebar-style":"default","ast-global-header-display":"","ast-banner-title-visibility":"","ast-main-header-display":"","ast-hfb-above-header-display":"","ast-hfb-below-header-display":"","ast-hfb-mobile-header-display":"","site-post-title":"","ast-breadcrumbs-content":"","ast-featured-img":"","footer-sml-layout":"","theme-transparent-header-meta":"","adv-header-id-meta":"","stick-header-meta":"","header-above-stick-meta":"","header-main-stick-meta":"","header-below-stick-meta":"","astra-migrate-meta-layouts":"set","ngg_post_thumbnail":0,"_EventAllDay":false,"_EventTimezone":"Europe\/Paris","_EventStartDate":"2026-02-19 19:00:00","_EventEndDate":"2026-02-19 21:00:00","_EventStartDateUTC":"2026-02-19 18:00:00","_EventEndDateUTC":"2026-02-19 20:00:00","_EventShowMap":false,"_EventShowMapLink":false,"_EventURL":"","_EventCost":"","_EventCostDescription":"","_EventCurrencySymbol":"\u20ac","_EventCurrencyCode":"EUR","_EventCurrencyPosition":"prefix","_EventDateTimeSeparator":" @ ","_EventTimeRangeSeparator":" - ","_EventOrganizerID":[],"_EventVenueID":[],"_OrganizerEmail":"","_OrganizerPhone":"","_OrganizerWebsite":"","_VenueAddress":"","_VenueCity":"","_VenueCountry":"","_VenueProvince":"","_VenueState":"","_VenueZip":"","_VenuePhone":"","_VenueURL":"","_VenueStateProvince":"","_VenueLat":"","_VenueLng":"","_VenueShowMap":false,"_VenueShowMapLink":false,"_tribe_events_status":"","_tribe_events_status_reason":"","footnotes":""},"tags":[],"tribe_events_cat":[],"class_list":["post-11470","tribe_events","type-tribe_events","status-publish","has-post-thumbnail","hentry"],"aioseo_notices":[],"_links":{"self":[{"href":"https:\/\/lestempssauvages.fr\/index.php\/wp-json\/wp\/v2\/tribe_events\/11470","targetHints":{"allow":["GET"]}}],"collection":[{"href":"https:\/\/lestempssauvages.fr\/index.php\/wp-json\/wp\/v2\/tribe_events"}],"about":[{"href":"https:\/\/lestempssauvages.fr\/index.php\/wp-json\/wp\/v2\/types\/tribe_events"}],"author":[{"embeddable":true,"href":"https:\/\/lestempssauvages.fr\/index.php\/wp-json\/wp\/v2\/users\/1"}],"version-history":[{"count":1,"href":"https:\/\/lestempssauvages.fr\/index.php\/wp-json\/wp\/v2\/tribe_events\/11470\/revisions"}],"predecessor-version":[{"id":11472,"href":"https:\/\/lestempssauvages.fr\/index.php\/wp-json\/wp\/v2\/tribe_events\/11470\/revisions\/11472"}],"wp:featuredmedia":[{"embeddable":true,"href":"https:\/\/lestempssauvages.fr\/index.php\/wp-json\/wp\/v2\/media\/11471"}],"wp:attachment":[{"href":"https:\/\/lestempssauvages.fr\/index.php\/wp-json\/wp\/v2\/media?parent=11470"}],"wp:term":[{"taxonomy":"post_tag","embeddable":true,"href":"https:\/\/lestempssauvages.fr\/index.php\/wp-json\/wp\/v2\/tags?post=11470"},{"taxonomy":"tribe_events_cat","embeddable":true,"href":"https:\/\/lestempssauvages.fr\/index.php\/wp-json\/wp\/v2\/tribe_events_cat?post=11470"}],"curies":[{"name":"wp","href":"https:\/\/api.w.org\/{rel}","templated":true}]}}