{"id":11406,"date":"2025-07-31T12:49:51","date_gmt":"2025-07-31T10:49:51","guid":{"rendered":"https:\/\/lestempssauvages.fr\/?post_type=tribe_events&#038;p=11406"},"modified":"2025-07-31T12:50:42","modified_gmt":"2025-07-31T10:50:42","slug":"le-retour-du-roi-jibril-rencontre-avec-said-de-larbre-le-27-aout-a-la-guinguette-du-sanitas","status":"publish","type":"tribe_events","link":"https:\/\/lestempssauvages.fr\/index.php\/event\/le-retour-du-roi-jibril-rencontre-avec-said-de-larbre-le-27-aout-a-la-guinguette-du-sanitas\/","title":{"rendered":"Le retour du roi Jibril. Rencontre avec Sa\u00efd de L&rsquo;Arbre le 27 ao\u00fbt \u00e0 la guinguette du Sanitas"},"content":{"rendered":"<div  class=\"tribe-events-schedule tribe-clearfix\" >\n\t<p class=\"tribe-events-schedule__datetime\">\n\t\t<span class=\"tribe-events-schedule__date tribe-events-schedule__date--start\">\n\t\t\t27 ao\u00fbt 2025\t\t<\/span>\n\n\t\t\t\t\t<span class=\"tribe-events-schedule__separator tribe-events-schedule__separator--date\">\n\t\t\t\t @ \t\t\t<\/span>\n\t\t\t<span class=\"tribe-events-schedule__time tribe-events-schedule__time--start\">\n\t\t\t\t19h30\t\t\t<\/span>\n\t\t\n\t\t\t\t\t\t\t\t\t<span class=\"tribe-events-schedule__separator tribe-events-schedule__separator--time\">\n\t\t\t\t\t &#8211; \t\t\t\t<\/span>\n\t\t\t\n\t\t\t\t\t\t\t<span class=\"tribe-events-schedule__time tribe-events-schedule__time--end\">\n\t\t\t\t\t21h00\t\t\t\t<\/span>\n\t\t\t\n\t\t\t\t\t\t<\/p>\n<\/div>\n\n\n\n<div class=\"wp-block-columns is-layout-flex wp-container-core-columns-is-layout-28f84493 wp-block-columns-is-layout-flex\">\n<div class=\"wp-block-column is-layout-flow wp-block-column-is-layout-flow\">\n<p>Le mercredi 27 ao\u00fbt \u00e0 19h30, on accueillera Sa\u00efd de L&rsquo;Arbre \u00e0 la guinguette du Sanitas pour une pr\u00e9sentation du roman <em>Le retour du roi Jibril &#8211; Les contes de la cit\u00e9<\/em>, publi\u00e9 aux \u00e9ditions&nbsp;L&rsquo;Iconoclaste.<\/p>\n\n\n\n<p>Dans son quartier b\u00e9tonn\u00e9 des M\u00e9sanges, on l&rsquo;appelle \u00ab\u00a0le Roi\u00a0\u00bb. Depuis toujours, Jibril a un talent, celui de raconter tout un tas d&rsquo;histoires. Des vraies, des presque vraies et des l\u00e9gendes. Gamin, il passe toutes ses vacances d&rsquo;\u00e9t\u00e9 chez son cousin, \u00e0 la cit\u00e9 de la Tortue. Un voyage de trois quarts d&rsquo;heure \u00e0 bord de la vieille Renault 21 de son p\u00e8re pour esquiver la gal\u00e8re. Il y retrouve chaque ann\u00e9e Ibra, Francine, Dahmane, Bilel, St \u00e9phane, Yasmine, Joe&#8230; En grandissant, Jibril oublie ses vacances d&rsquo;enfant. Mais, \u00e0 l&rsquo;\u00e9t\u00e9 de ses trente-deux ans, un r\u00eave inattendu le pousse \u00e0 revenir \u00e0 la Tortue. Il revoit sa bande.<\/p>\n\n\n\n<p><em>Le Retour du Roi Jibril<\/em> r\u00e9unit neuf autrices et auteurs qui, chacun dans son style, rendent hommage aux passeurs d&rsquo;histoires. Ceux qui transmettent les r\u00e9cits \u00e0 l&rsquo;oral d&rsquo;une g\u00e9n\u00e9ration \u00e0 une autre et forgent la m\u00e9moire des quartiers.<\/p>\n<\/div>\n\n\n\n<div class=\"wp-block-column is-layout-flow wp-block-column-is-layout-flow\">\n<figure class=\"wp-block-image size-large\"><img loading=\"lazy\" decoding=\"async\" width=\"747\" height=\"1024\" src=\"https:\/\/lestempssauvages.fr\/wp-content\/uploads\/2025\/07\/Le-retour-du-roi-Jibril_CV_Plat1-747x1024.jpg\" alt=\"\" class=\"wp-image-11404\" srcset=\"https:\/\/lestempssauvages.fr\/wp-content\/uploads\/2025\/07\/Le-retour-du-roi-Jibril_CV_Plat1-747x1024.jpg 747w, https:\/\/lestempssauvages.fr\/wp-content\/uploads\/2025\/07\/Le-retour-du-roi-Jibril_CV_Plat1-219x300.jpg 219w, https:\/\/lestempssauvages.fr\/wp-content\/uploads\/2025\/07\/Le-retour-du-roi-Jibril_CV_Plat1-768x1053.jpg 768w, https:\/\/lestempssauvages.fr\/wp-content\/uploads\/2025\/07\/Le-retour-du-roi-Jibril_CV_Plat1-1121x1536.jpg 1121w, https:\/\/lestempssauvages.fr\/wp-content\/uploads\/2025\/07\/Le-retour-du-roi-Jibril_CV_Plat1-1494x2048.jpg 1494w, https:\/\/lestempssauvages.fr\/wp-content\/uploads\/2025\/07\/Le-retour-du-roi-Jibril_CV_Plat1-1320x1809.jpg 1320w, https:\/\/lestempssauvages.fr\/wp-content\/uploads\/2025\/07\/Le-retour-du-roi-Jibril_CV_Plat1.jpg 1500w\" sizes=\"auto, (max-width: 747px) 100vw, 747px\" \/><\/figure>\n<\/div>\n<\/div>\n\n\n\n<p><\/p>\n\n\n<div  class=\"tribe-block tribe-block__event-price\" >\n\t\t<\/div>\n\n\n\n\n<div  class=\"tribe-block tribe-block__venue tribe-clearfix\" >\n\t\n\t\t\n\t<\/div>\n\n\n\n\n\t<div  class=\"tribe-block tribe-block__events-link\" >\n\t\t<div class=\"tribe-events tribe-common\">\n\t\t\t<div class=\"tribe-events-c-subscribe-dropdown__container\">\n\t\t\t\t<div class=\"tribe-events-c-subscribe-dropdown\">\n\t\t\t\t\t<div class=\"tribe-common-c-btn-border tribe-events-c-subscribe-dropdown__button\">\n\t\t\t\t\t\t<svg\n\t class=\"tribe-common-c-svgicon tribe-common-c-svgicon--cal-export tribe-events-c-subscribe-dropdown__export-icon\" \taria-hidden=\"true\"\n\tviewBox=\"0 0 23 17\"\n\txmlns=\"http:\/\/www.w3.org\/2000\/svg\"\n>\n\t<path fill-rule=\"evenodd\" clip-rule=\"evenodd\" d=\"M.128.896V16.13c0 .211.145.383.323.383h15.354c.179 0 .323-.172.323-.383V.896c0-.212-.144-.383-.323-.383H.451C.273.513.128.684.128.896Zm16 6.742h-.901V4.679H1.009v10.729h14.218v-3.336h.901V7.638ZM1.01 1.614h14.218v2.058H1.009V1.614Z\" \/>\n\t<path d=\"M20.5 9.846H8.312M18.524 6.953l2.89 2.909-2.855 2.855\" stroke-width=\"1.2\" stroke-linecap=\"round\" stroke-linejoin=\"round\"\/>\n<\/svg>\n\t\t\t\t\t\t<button\n\t\t\t\t\t\t\tclass=\"tribe-events-c-subscribe-dropdown__button-text\"\n\t\t\t\t\t\t\taria-expanded=\"false\"\n\t\t\t\t\t\t\taria-controls=\"tribe-events-subscribe-dropdown-content\"\n\t\t\t\t\t\t\taria-label=\"Afficher les liens permettant d\u2019ajouter des \u00e9v\u00e8nements \u00e0 votre calendrier\"\n\t\t\t\t\t\t>\n\t\t\t\t\t\t\tAjouter au calendrier\t\t\t\t\t\t<\/button>\n\t\t\t\t\t\t<svg\n\t class=\"tribe-common-c-svgicon tribe-common-c-svgicon--caret-down tribe-events-c-subscribe-dropdown__button-icon\" \taria-hidden=\"true\"\n\tviewBox=\"0 0 10 7\"\n\txmlns=\"http:\/\/www.w3.org\/2000\/svg\"\n>\n\t<path fill-rule=\"evenodd\" clip-rule=\"evenodd\" d=\"M1.008.609L5 4.6 8.992.61l.958.958L5 6.517.05 1.566l.958-.958z\" class=\"tribe-common-c-svgicon__svg-fill\"\/>\n<\/svg>\n\t\t\t\t\t<\/div>\n\t\t\t\t\t<div id=\"tribe-events-subscribe-dropdown-content\" class=\"tribe-events-c-subscribe-dropdown__content\">\n\t\t\t\t\t\t<ul class=\"tribe-events-c-subscribe-dropdown__list\">\n\t\t\t\t\t\t\t\t\t\t\t\t\t\t\t<li class=\"tribe-events-c-subscribe-dropdown__list-item tribe-events-c-subscribe-dropdown__list-item--gcal\">\n\t\t\t\t\t\t\t\t\t<a\n\t\t\t\t\t\t\t\t\t\thref=\"https:\/\/www.google.com\/calendar\/event?action=TEMPLATE&#038;dates=20250827T193000\/20250827T210000&#038;text=Le%20retour%20du%20roi%20Jibril.%20Rencontre%20avec%20Sa%C3%AFd%20de%20L%26rsquo%3BArbre%20le%2027%20ao%C3%BBt%20%C3%A0%20la%20guinguette%20du%20Sanitas&#038;details=%3Cdiv+class%3D%22wp-block-columns%22%3E%3Cdiv+class%3D%22wp-block-column%22%3E%3Cp%3ELe+mercredi+27+ao%C3%BBt+%C3%A0+19h30%2C+on+accueillera+Sa%C3%AFd+de+L%27Arbre+%C3%A0+la+guinguette+du+Sanitas+pour+une+pr%C3%A9sentation+du+roman+%3Cem%3ELe+retour+du+roi+Jibril+-+Les+contes+de+la+cit%C3%A9%3C%2Fem%3E%2C+publi%C3%A9+aux+%C3%A9ditions%26nbsp%3BL%27Iconoclaste.%3C%2Fp%3E+%3Cp%3EDans+son+quartier+b%C3%A9tonn%C3%A9+des+M%C3%A9sanges%2C+on+l%27appelle+%22le+Roi%22.+Depuis+toujours%2C+Jibril+a+un+talent%2C+celui+de+raconter+tout+un+tas+d%27histoires.+Des+vraies%2C+des+presque+vraies+et+des+l%C3%A9gendes.+Gamin%2C+il+passe+toutes+ses+vacances+d%27%C3%A9t%C3%A9+chez+son+cousin%2C+%C3%A0+la+cit%C3%A9+de+la+Tortue.+Un+voyage+de+trois+quarts+d%27heure+%C3%A0+bord+de+la+vieille+Renault+21+de+son+p%C3%A8re+pour+esquiver+la+gal%C3%A8re.+Il+y+retrouve+chaque+ann%C3%A9e+Ibra%2C+Francine%2C+Dahmane%2C+Bilel%2C+St+%C3%A9phane%2C+Yasmine%2C+Joe...+En+grandissant%2C+Jibril+oublie+ses+vacances+d%27enfant.+Mais%2C+%C3%A0+l%27%C3%A9t%C3%A9+de+ses+trente-deux+ans%2C+un+r%C3%AAve+inattendu+le+pousse+%C3%A0+revenir+%C3%A0+la+Tortue.+Il+revoit+sa+bande.%3C%2Fp%3E+%3Cp%3E%3Cem%3ELe+Retour+du+Roi+Jibril%3C%2Fem%3E+r%C3%A9uni%3C%2Fp%3E%3C%2Fdiv%3E%3C%2Fdiv%3E%28Voir+toute+la+description+de+%C3%A9v%C3%A8nement+ici%C2%A0%3A+https%3A%2F%2Flestempssauvages.fr%2Findex.php%2Fevent%2Fle-retour-du-roi-jibril-rencontre-avec-said-de-larbre-le-27-aout-a-la-guinguette-du-sanitas%2F%29&#038;trp=false&#038;ctz=Europe\/Paris&#038;sprop=website:https:\/\/lestempssauvages.fr\"\n\t\t\t\t\t\t\t\t\t\tclass=\"tribe-events-c-subscribe-dropdown__list-item-link\"\n\t\t\t\t\t\t\t\t\t\ttarget=\"_blank\"\n\t\t\t\t\t\t\t\t\t\trel=\"noopener noreferrer nofollow noindex\"\n\t\t\t\t\t\t\t\t\t>\n\t\t\t\t\t\t\t\t\t\tGoogle Agenda\t\t\t\t\t\t\t\t\t<\/a>\n\t\t\t\t\t\t\t\t<\/li>\n\t\t\t\t\t\t\t\t\t\t\t\t\t\t\t<li class=\"tribe-events-c-subscribe-dropdown__list-item tribe-events-c-subscribe-dropdown__list-item--ical\">\n\t\t\t\t\t\t\t\t\t<a\n\t\t\t\t\t\t\t\t\t\thref=\"\"\n\t\t\t\t\t\t\t\t\t\tclass=\"tribe-events-c-subscribe-dropdown__list-item-link\"\n\t\t\t\t\t\t\t\t\t\ttarget=\"_blank\"\n\t\t\t\t\t\t\t\t\t\trel=\"noopener noreferrer nofollow noindex\"\n\t\t\t\t\t\t\t\t\t>\n\t\t\t\t\t\t\t\t\t\tiCalendar\t\t\t\t\t\t\t\t\t<\/a>\n\t\t\t\t\t\t\t\t<\/li>\n\t\t\t\t\t\t\t\t\t\t\t\t\t\t\t<li class=\"tribe-events-c-subscribe-dropdown__list-item tribe-events-c-subscribe-dropdown__list-item--outlook-365\">\n\t\t\t\t\t\t\t\t\t<a\n\t\t\t\t\t\t\t\t\t\thref=\"\"\n\t\t\t\t\t\t\t\t\t\tclass=\"tribe-events-c-subscribe-dropdown__list-item-link\"\n\t\t\t\t\t\t\t\t\t\ttarget=\"_blank\"\n\t\t\t\t\t\t\t\t\t\trel=\"noopener noreferrer nofollow noindex\"\n\t\t\t\t\t\t\t\t\t>\n\t\t\t\t\t\t\t\t\t\tOutlook 365\t\t\t\t\t\t\t\t\t<\/a>\n\t\t\t\t\t\t\t\t<\/li>\n\t\t\t\t\t\t\t\t\t\t\t\t\t\t\t<li class=\"tribe-events-c-subscribe-dropdown__list-item tribe-events-c-subscribe-dropdown__list-item--outlook-live\">\n\t\t\t\t\t\t\t\t\t<a\n\t\t\t\t\t\t\t\t\t\thref=\"\"\n\t\t\t\t\t\t\t\t\t\tclass=\"tribe-events-c-subscribe-dropdown__list-item-link\"\n\t\t\t\t\t\t\t\t\t\ttarget=\"_blank\"\n\t\t\t\t\t\t\t\t\t\trel=\"noopener noreferrer nofollow noindex\"\n\t\t\t\t\t\t\t\t\t>\n\t\t\t\t\t\t\t\t\t\tOutlook Live\t\t\t\t\t\t\t\t\t<\/a>\n\t\t\t\t\t\t\t\t<\/li>\n\t\t\t\t\t\t\t\t\t\t\t\t\t<\/ul>\n\t\t\t\t\t<\/div>\n\t\t\t\t<\/div>\n\t\t\t<\/div>\n\t\t<\/div>\n\t<\/div>\n\n","protected":false},"excerpt":{"rendered":"<p>Le mercredi 27 ao\u00fbt \u00e0 19h30, on accueillera Sa\u00efd de L&rsquo;Arbre \u00e0 la guinguette du Sanitas pour une pr\u00e9sentation du roman Le retour du roi Jibril &#8211; Les contes de &hellip;<\/p>\n<p class=\"read-more\"> <a class=\"\" href=\"https:\/\/lestempssauvages.fr\/index.php\/event\/le-retour-du-roi-jibril-rencontre-avec-said-de-larbre-le-27-aout-a-la-guinguette-du-sanitas\/\"> <span class=\"screen-reader-text\">Le retour du roi Jibril. Rencontre avec Sa\u00efd de L&rsquo;Arbre le 27 ao\u00fbt \u00e0 la guinguette du Sanitas<\/span> Lire la suite\u00a0\u00bb<\/a><\/p>\n","protected":false},"author":1,"featured_media":11404,"template":"","meta":{"site-sidebar-layout":"default","site-content-layout":"","ast-site-content-layout":"default","site-content-style":"default","site-sidebar-style":"default","ast-global-header-display":"","ast-banner-title-visibility":"","ast-main-header-display":"","ast-hfb-above-header-display":"","ast-hfb-below-header-display":"","ast-hfb-mobile-header-display":"","site-post-title":"","ast-breadcrumbs-content":"","ast-featured-img":"","footer-sml-layout":"","theme-transparent-header-meta":"","adv-header-id-meta":"","stick-header-meta":"","header-above-stick-meta":"","header-main-stick-meta":"","header-below-stick-meta":"","astra-migrate-meta-layouts":"set","ngg_post_thumbnail":0,"_EventAllDay":false,"_EventTimezone":"Europe\/Paris","_EventStartDate":"2025-08-27 19:30:00","_EventEndDate":"2025-08-27 21:00:00","_EventStartDateUTC":"2025-08-27 17:30:00","_EventEndDateUTC":"2025-08-27 19:00:00","_EventShowMap":false,"_EventShowMapLink":false,"_EventURL":"","_EventCost":"","_EventCostDescription":"","_EventCurrencySymbol":"\u20ac","_EventCurrencyCode":"EUR","_EventCurrencyPosition":"prefix","_EventDateTimeSeparator":" @ ","_EventTimeRangeSeparator":" - ","_EventOrganizerID":[],"_EventVenueID":[],"_OrganizerEmail":"","_OrganizerPhone":"","_OrganizerWebsite":"","_VenueAddress":"","_VenueCity":"","_VenueCountry":"","_VenueProvince":"","_VenueState":"","_VenueZip":"","_VenuePhone":"","_VenueURL":"","_VenueStateProvince":"","_VenueLat":"","_VenueLng":"","_VenueShowMap":false,"_VenueShowMapLink":false,"_tribe_events_status":"","_tribe_events_status_reason":"","footnotes":""},"tags":[],"tribe_events_cat":[],"class_list":["post-11406","tribe_events","type-tribe_events","status-publish","has-post-thumbnail","hentry"],"aioseo_notices":[],"_links":{"self":[{"href":"https:\/\/lestempssauvages.fr\/index.php\/wp-json\/wp\/v2\/tribe_events\/11406","targetHints":{"allow":["GET"]}}],"collection":[{"href":"https:\/\/lestempssauvages.fr\/index.php\/wp-json\/wp\/v2\/tribe_events"}],"about":[{"href":"https:\/\/lestempssauvages.fr\/index.php\/wp-json\/wp\/v2\/types\/tribe_events"}],"author":[{"embeddable":true,"href":"https:\/\/lestempssauvages.fr\/index.php\/wp-json\/wp\/v2\/users\/1"}],"version-history":[{"count":2,"href":"https:\/\/lestempssauvages.fr\/index.php\/wp-json\/wp\/v2\/tribe_events\/11406\/revisions"}],"predecessor-version":[{"id":11408,"href":"https:\/\/lestempssauvages.fr\/index.php\/wp-json\/wp\/v2\/tribe_events\/11406\/revisions\/11408"}],"wp:featuredmedia":[{"embeddable":true,"href":"https:\/\/lestempssauvages.fr\/index.php\/wp-json\/wp\/v2\/media\/11404"}],"wp:attachment":[{"href":"https:\/\/lestempssauvages.fr\/index.php\/wp-json\/wp\/v2\/media?parent=11406"}],"wp:term":[{"taxonomy":"post_tag","embeddable":true,"href":"https:\/\/lestempssauvages.fr\/index.php\/wp-json\/wp\/v2\/tags?post=11406"},{"taxonomy":"tribe_events_cat","embeddable":true,"href":"https:\/\/lestempssauvages.fr\/index.php\/wp-json\/wp\/v2\/tribe_events_cat?post=11406"}],"curies":[{"name":"wp","href":"https:\/\/api.w.org\/{rel}","templated":true}]}}