{"id":11275,"date":"2024-10-03T16:14:29","date_gmt":"2024-10-03T14:14:29","guid":{"rendered":"https:\/\/lestempssauvages.fr\/?post_type=tribe_events&#038;p=11275"},"modified":"2024-10-03T16:14:30","modified_gmt":"2024-10-03T14:14:30","slug":"extreme-droite-la-resistible-ascension-rencontre-avec-ugo-palheta-le-30-octobre","status":"publish","type":"tribe_events","link":"https:\/\/lestempssauvages.fr\/index.php\/event\/extreme-droite-la-resistible-ascension-rencontre-avec-ugo-palheta-le-30-octobre\/","title":{"rendered":"Extr\u00eame droite : la r\u00e9sistible ascension. Rencontre avec Ugo Palheta le 30 octobre"},"content":{"rendered":"<div  class=\"tribe-events-schedule tribe-clearfix\" >\n\t<p class=\"tribe-events-schedule__datetime\">\n\t\t<span class=\"tribe-events-schedule__date tribe-events-schedule__date--start\">\n\t\t\t30 octobre 2024\t\t<\/span>\n\n\t\t\t\t\t<span class=\"tribe-events-schedule__separator tribe-events-schedule__separator--date\">\n\t\t\t\t @ \t\t\t<\/span>\n\t\t\t<span class=\"tribe-events-schedule__time tribe-events-schedule__time--start\">\n\t\t\t\t19h00\t\t\t<\/span>\n\t\t\n\t\t\t\t\t\t\t\t\t<span class=\"tribe-events-schedule__separator tribe-events-schedule__separator--time\">\n\t\t\t\t\t &#8211; \t\t\t\t<\/span>\n\t\t\t\n\t\t\t\t\t\t\t<span class=\"tribe-events-schedule__time tribe-events-schedule__time--end\">\n\t\t\t\t\t21h00\t\t\t\t<\/span>\n\t\t\t\n\t\t\t\t\t\t<\/p>\n<\/div>\n\n\n\n<p><strong>Rencontre le 30 octobre \u00e0 19h \u00e0 l&rsquo;h\u00f4tel de ville de Tours, salle Anatole France. En partenariat avec l&rsquo;<a href=\"https:\/\/institutlaboetie.fr\/\" title=\"\">Institut La Bo\u00e9tie<\/a>. <\/strong><\/p>\n\n\n\n<div class=\"wp-block-columns is-layout-flex wp-container-core-columns-is-layout-28f84493 wp-block-columns-is-layout-flex\">\n<div class=\"wp-block-column is-layout-flow wp-block-column-is-layout-flow\">\n<p>Les progr\u00e8s \u00e9lectoraux de l\u2019extr\u00eame droite ces trente derni\u00e8res ann\u00e9es ont install\u00e9 l\u2019id\u00e9e de son arriv\u00e9e in\u00e9luctable et imminente au pouvoir. Cette id\u00e9e a trop souvent permis au personnel politique et m\u00e9diatique de s\u2019exon\u00e9rer de l\u2019analyse des causes profondes et de l\u2019alternative \u00e0 y opposer.<br>Cet ouvrage, coordonn\u00e9 par le sociologue Ugo Palheta, propose au contraire de comprendre, \u00e0 l\u2019aide des travaux les plus r\u00e9cents en sciences sociales, la fa\u00e7on dont la route a \u00e9t\u00e9 pav\u00e9e \u00e0 l\u2019extr\u00eame droite. Quelles dynamiques sociales ont pouss\u00e9 une partie croissante des \u00e9lites et certaines fractions des classes populaires \u00e0 se ranger derri\u00e8re elle&nbsp;? Par quels m\u00e9dias et sous quelles formes ont \u00e9t\u00e9 impos\u00e9s les discours racistes, sexistes et LGBTI-phobes qui portent l\u2019extr\u00eame-droitisation ? Quels r\u00e9seaux ont appuy\u00e9 et confort\u00e9 ce glissement ?<\/p>\n\n\n\n<p>De la pr\u00e9face de l\u2019historien Johann Chapoutot \u00e0 la postface de Cl\u00e9mence Guett\u00e9, co-pr\u00e9sidente de l\u2019Institut La Bo\u00e9tie, il s\u2019agit ici d\u2019opposer \u00e0 la fatalit\u00e9 une analyse pr\u00e9cise des forces, mais aussi des failles, de l\u2019extr\u00eame droite. Donc de montrer que cette ascension est plus r\u00e9sistible qu\u2019il n\u2019y para\u00eet.<\/p>\n<\/div>\n\n\n\n<div class=\"wp-block-column is-layout-flow wp-block-column-is-layout-flow\">\n<figure class=\"wp-block-image size-full\"><img loading=\"lazy\" decoding=\"async\" width=\"394\" height=\"569\" src=\"https:\/\/lestempssauvages.fr\/wp-content\/uploads\/2024\/10\/Amsterdam-couv-Extreme-droite-394x569-2.jpg\" alt=\"\" class=\"wp-image-11271\" srcset=\"https:\/\/lestempssauvages.fr\/wp-content\/uploads\/2024\/10\/Amsterdam-couv-Extreme-droite-394x569-2.jpg 394w, https:\/\/lestempssauvages.fr\/wp-content\/uploads\/2024\/10\/Amsterdam-couv-Extreme-droite-394x569-2-208x300.jpg 208w\" sizes=\"auto, (max-width: 394px) 100vw, 394px\" \/><\/figure>\n<\/div>\n<\/div>\n\n\n<div  class=\"tribe-block tribe-block__event-price\" >\n\t\t<\/div>\n\n\n\n\n<div  class=\"tribe-block tribe-block__venue tribe-clearfix\" >\n\t\n\t\t\n\t<\/div>\n\n\n\n\n\t<div  class=\"tribe-block tribe-block__events-link\" >\n\t\t<div class=\"tribe-events tribe-common\">\n\t\t\t<div class=\"tribe-events-c-subscribe-dropdown__container\">\n\t\t\t\t<div class=\"tribe-events-c-subscribe-dropdown\">\n\t\t\t\t\t<div class=\"tribe-common-c-btn-border tribe-events-c-subscribe-dropdown__button\">\n\t\t\t\t\t\t<svg\n\t class=\"tribe-common-c-svgicon tribe-common-c-svgicon--cal-export tribe-events-c-subscribe-dropdown__export-icon\" \taria-hidden=\"true\"\n\tviewBox=\"0 0 23 17\"\n\txmlns=\"http:\/\/www.w3.org\/2000\/svg\"\n>\n\t<path fill-rule=\"evenodd\" clip-rule=\"evenodd\" d=\"M.128.896V16.13c0 .211.145.383.323.383h15.354c.179 0 .323-.172.323-.383V.896c0-.212-.144-.383-.323-.383H.451C.273.513.128.684.128.896Zm16 6.742h-.901V4.679H1.009v10.729h14.218v-3.336h.901V7.638ZM1.01 1.614h14.218v2.058H1.009V1.614Z\" \/>\n\t<path d=\"M20.5 9.846H8.312M18.524 6.953l2.89 2.909-2.855 2.855\" stroke-width=\"1.2\" stroke-linecap=\"round\" stroke-linejoin=\"round\"\/>\n<\/svg>\n\t\t\t\t\t\t<button\n\t\t\t\t\t\t\tclass=\"tribe-events-c-subscribe-dropdown__button-text\"\n\t\t\t\t\t\t\taria-expanded=\"false\"\n\t\t\t\t\t\t\taria-controls=\"tribe-events-subscribe-dropdown-content\"\n\t\t\t\t\t\t\taria-label=\"Afficher les liens permettant d\u2019ajouter des \u00e9v\u00e8nements \u00e0 votre calendrier\"\n\t\t\t\t\t\t>\n\t\t\t\t\t\t\tAjouter au calendrier\t\t\t\t\t\t<\/button>\n\t\t\t\t\t\t<svg\n\t class=\"tribe-common-c-svgicon tribe-common-c-svgicon--caret-down tribe-events-c-subscribe-dropdown__button-icon\" \taria-hidden=\"true\"\n\tviewBox=\"0 0 10 7\"\n\txmlns=\"http:\/\/www.w3.org\/2000\/svg\"\n>\n\t<path fill-rule=\"evenodd\" clip-rule=\"evenodd\" d=\"M1.008.609L5 4.6 8.992.61l.958.958L5 6.517.05 1.566l.958-.958z\" class=\"tribe-common-c-svgicon__svg-fill\"\/>\n<\/svg>\n\t\t\t\t\t<\/div>\n\t\t\t\t\t<div id=\"tribe-events-subscribe-dropdown-content\" class=\"tribe-events-c-subscribe-dropdown__content\">\n\t\t\t\t\t\t<ul class=\"tribe-events-c-subscribe-dropdown__list\">\n\t\t\t\t\t\t\t\t\t\t\t\t\t\t\t<li class=\"tribe-events-c-subscribe-dropdown__list-item tribe-events-c-subscribe-dropdown__list-item--gcal\">\n\t\t\t\t\t\t\t\t\t<a\n\t\t\t\t\t\t\t\t\t\thref=\"https:\/\/www.google.com\/calendar\/event?action=TEMPLATE&#038;dates=20241030T190000\/20241030T210000&#038;text=Extr%C3%AAme%20droite%20%3A%20la%20r%C3%A9sistible%20ascension.%20Rencontre%20avec%20Ugo%20Palheta%20le%2030%20octobre&#038;details=%3Cp%3E%3Cstrong%3ERencontre+le+30+octobre+%C3%A0+19h+%C3%A0+l%27h%C3%B4tel+de+ville+de+Tours%2C+salle+Anatole+France.+En+partenariat+avec+l%27%3Ca+href%3D%22https%3A%2F%2Finstitutlaboetie.fr%2F%22+title%3D%22%22%3EInstitut+La+Bo%C3%A9tie%3C%2Fa%3E.+%3C%2Fstrong%3E%3C%2Fp%3E+%3Cdiv+class%3D%22wp-block-columns%22%3E%3Cdiv+class%3D%22wp-block-column%22%3E%3Cp%3ELes+progr%C3%A8s+%C3%A9lectoraux+de+l%E2%80%99extr%C3%AAme+droite+ces+trente+derni%C3%A8res+ann%C3%A9es+ont+install%C3%A9+l%E2%80%99id%C3%A9e+de+son+arriv%C3%A9e+in%C3%A9luctable+et+imminente+au+pouvoir.+Cette+id%C3%A9e+a+trop+souvent+permis+au+personnel+politique+et+m%C3%A9diatique+de+s%E2%80%99exon%C3%A9rer+de+l%E2%80%99analyse+des+causes+profondes+et+de+l%E2%80%99alternative+%C3%A0+y+opposer.%3Cbr+%2F%3ECet+ouvrage%2C+coordonn%C3%A9+par+le+sociologue+Ugo+Palheta%2C+propose+au+contraire+de+comprendre%2C+%C3%A0+l%E2%80%99aide+des+travaux+les+plus+r%C3%A9cents+en+sciences+sociales%2C+la+fa%C3%A7on+dont+la+route+a+%C3%A9t%C3%A9+pav%C3%A9e+%C3%A0+l%E2%80%99extr%C3%AAme+droite.+Quelles+dynamiques+sociales+ont+pouss%C3%A9+une+partie+croissante+des+%C3%A9lites+et+certaines+fractions+des+classes+populaires+%C3%A0+se+ranger+derri%C3%A8re+elle%26nbsp%3B%3F+Par+quels+m%C3%A9dias+et+sous+qu%3C%2Fp%3E%3C%2Fdiv%3E%3C%2Fdiv%3E%28Voir+toute+la+description+de+%C3%A9v%C3%A8nement+ici%C2%A0%3A+https%3A%2F%2Flestempssauvages.fr%2Findex.php%2Fevent%2Fextreme-droite-la-resistible-ascension-rencontre-avec-ugo-palheta-le-30-octobre%2F%29&#038;trp=false&#038;ctz=Europe\/Paris&#038;sprop=website:https:\/\/lestempssauvages.fr\"\n\t\t\t\t\t\t\t\t\t\tclass=\"tribe-events-c-subscribe-dropdown__list-item-link\"\n\t\t\t\t\t\t\t\t\t\ttarget=\"_blank\"\n\t\t\t\t\t\t\t\t\t\trel=\"noopener noreferrer nofollow noindex\"\n\t\t\t\t\t\t\t\t\t>\n\t\t\t\t\t\t\t\t\t\tGoogle Agenda\t\t\t\t\t\t\t\t\t<\/a>\n\t\t\t\t\t\t\t\t<\/li>\n\t\t\t\t\t\t\t\t\t\t\t\t\t\t\t<li class=\"tribe-events-c-subscribe-dropdown__list-item tribe-events-c-subscribe-dropdown__list-item--ical\">\n\t\t\t\t\t\t\t\t\t<a\n\t\t\t\t\t\t\t\t\t\thref=\"\"\n\t\t\t\t\t\t\t\t\t\tclass=\"tribe-events-c-subscribe-dropdown__list-item-link\"\n\t\t\t\t\t\t\t\t\t\ttarget=\"_blank\"\n\t\t\t\t\t\t\t\t\t\trel=\"noopener noreferrer nofollow noindex\"\n\t\t\t\t\t\t\t\t\t>\n\t\t\t\t\t\t\t\t\t\tiCalendar\t\t\t\t\t\t\t\t\t<\/a>\n\t\t\t\t\t\t\t\t<\/li>\n\t\t\t\t\t\t\t\t\t\t\t\t\t\t\t<li class=\"tribe-events-c-subscribe-dropdown__list-item tribe-events-c-subscribe-dropdown__list-item--outlook-365\">\n\t\t\t\t\t\t\t\t\t<a\n\t\t\t\t\t\t\t\t\t\thref=\"\"\n\t\t\t\t\t\t\t\t\t\tclass=\"tribe-events-c-subscribe-dropdown__list-item-link\"\n\t\t\t\t\t\t\t\t\t\ttarget=\"_blank\"\n\t\t\t\t\t\t\t\t\t\trel=\"noopener noreferrer nofollow noindex\"\n\t\t\t\t\t\t\t\t\t>\n\t\t\t\t\t\t\t\t\t\tOutlook 365\t\t\t\t\t\t\t\t\t<\/a>\n\t\t\t\t\t\t\t\t<\/li>\n\t\t\t\t\t\t\t\t\t\t\t\t\t\t\t<li class=\"tribe-events-c-subscribe-dropdown__list-item tribe-events-c-subscribe-dropdown__list-item--outlook-live\">\n\t\t\t\t\t\t\t\t\t<a\n\t\t\t\t\t\t\t\t\t\thref=\"\"\n\t\t\t\t\t\t\t\t\t\tclass=\"tribe-events-c-subscribe-dropdown__list-item-link\"\n\t\t\t\t\t\t\t\t\t\ttarget=\"_blank\"\n\t\t\t\t\t\t\t\t\t\trel=\"noopener noreferrer nofollow noindex\"\n\t\t\t\t\t\t\t\t\t>\n\t\t\t\t\t\t\t\t\t\tOutlook Live\t\t\t\t\t\t\t\t\t<\/a>\n\t\t\t\t\t\t\t\t<\/li>\n\t\t\t\t\t\t\t\t\t\t\t\t\t<\/ul>\n\t\t\t\t\t<\/div>\n\t\t\t\t<\/div>\n\t\t\t<\/div>\n\t\t<\/div>\n\t<\/div>\n\n\n\n\n<div class=\"wp-block-columns is-layout-flex wp-container-core-columns-is-layout-28f84493 wp-block-columns-is-layout-flex\">\n<div class=\"wp-block-column is-layout-flow wp-block-column-is-layout-flow\"><\/div>\n\n\n\n<div class=\"wp-block-column is-layout-flow wp-block-column-is-layout-flow\"><\/div>\n<\/div>\n","protected":false},"excerpt":{"rendered":"<p>Rencontre le 30 octobre \u00e0 19h \u00e0 l&rsquo;h\u00f4tel de ville de Tours, salle Anatole France. En partenariat avec l&rsquo;Institut La Bo\u00e9tie. Les progr\u00e8s \u00e9lectoraux de l\u2019extr\u00eame droite ces trente derni\u00e8res &hellip;<\/p>\n<p class=\"read-more\"> <a class=\"\" href=\"https:\/\/lestempssauvages.fr\/index.php\/event\/extreme-droite-la-resistible-ascension-rencontre-avec-ugo-palheta-le-30-octobre\/\"> <span class=\"screen-reader-text\">Extr\u00eame droite : la r\u00e9sistible ascension. Rencontre avec Ugo Palheta le 30 octobre<\/span> Lire la suite\u00a0\u00bb<\/a><\/p>\n","protected":false},"author":1,"featured_media":11270,"template":"","meta":{"site-sidebar-layout":"default","site-content-layout":"","ast-site-content-layout":"default","site-content-style":"default","site-sidebar-style":"default","ast-global-header-display":"","ast-banner-title-visibility":"","ast-main-header-display":"","ast-hfb-above-header-display":"","ast-hfb-below-header-display":"","ast-hfb-mobile-header-display":"","site-post-title":"","ast-breadcrumbs-content":"","ast-featured-img":"","footer-sml-layout":"","theme-transparent-header-meta":"","adv-header-id-meta":"","stick-header-meta":"","header-above-stick-meta":"","header-main-stick-meta":"","header-below-stick-meta":"","astra-migrate-meta-layouts":"set","ngg_post_thumbnail":0,"_EventAllDay":false,"_EventTimezone":"Europe\/Paris","_EventStartDate":"2024-10-30 19:00:00","_EventEndDate":"2024-10-30 21:00:00","_EventStartDateUTC":"2024-10-30 18:00:00","_EventEndDateUTC":"2024-10-30 20:00:00","_EventShowMap":false,"_EventShowMapLink":false,"_EventURL":"","_EventCost":"","_EventCostDescription":"","_EventCurrencySymbol":"\u20ac","_EventCurrencyCode":"EUR","_EventCurrencyPosition":"prefix","_EventDateTimeSeparator":" @ ","_EventTimeRangeSeparator":" - ","_EventOrganizerID":[],"_EventVenueID":[],"_OrganizerEmail":"","_OrganizerPhone":"","_OrganizerWebsite":"","_VenueAddress":"","_VenueCity":"","_VenueCountry":"","_VenueProvince":"","_VenueState":"","_VenueZip":"","_VenuePhone":"","_VenueURL":"","_VenueStateProvince":"","_VenueLat":"","_VenueLng":"","_VenueShowMap":false,"_VenueShowMapLink":false,"_tribe_events_status":"","_tribe_events_status_reason":"","footnotes":""},"tags":[],"tribe_events_cat":[],"class_list":["post-11275","tribe_events","type-tribe_events","status-publish","has-post-thumbnail","hentry"],"aioseo_notices":[],"_links":{"self":[{"href":"https:\/\/lestempssauvages.fr\/index.php\/wp-json\/wp\/v2\/tribe_events\/11275","targetHints":{"allow":["GET"]}}],"collection":[{"href":"https:\/\/lestempssauvages.fr\/index.php\/wp-json\/wp\/v2\/tribe_events"}],"about":[{"href":"https:\/\/lestempssauvages.fr\/index.php\/wp-json\/wp\/v2\/types\/tribe_events"}],"author":[{"embeddable":true,"href":"https:\/\/lestempssauvages.fr\/index.php\/wp-json\/wp\/v2\/users\/1"}],"version-history":[{"count":1,"href":"https:\/\/lestempssauvages.fr\/index.php\/wp-json\/wp\/v2\/tribe_events\/11275\/revisions"}],"predecessor-version":[{"id":11277,"href":"https:\/\/lestempssauvages.fr\/index.php\/wp-json\/wp\/v2\/tribe_events\/11275\/revisions\/11277"}],"wp:featuredmedia":[{"embeddable":true,"href":"https:\/\/lestempssauvages.fr\/index.php\/wp-json\/wp\/v2\/media\/11270"}],"wp:attachment":[{"href":"https:\/\/lestempssauvages.fr\/index.php\/wp-json\/wp\/v2\/media?parent=11275"}],"wp:term":[{"taxonomy":"post_tag","embeddable":true,"href":"https:\/\/lestempssauvages.fr\/index.php\/wp-json\/wp\/v2\/tags?post=11275"},{"taxonomy":"tribe_events_cat","embeddable":true,"href":"https:\/\/lestempssauvages.fr\/index.php\/wp-json\/wp\/v2\/tribe_events_cat?post=11275"}],"curies":[{"name":"wp","href":"https:\/\/api.w.org\/{rel}","templated":true}]}}