{"id":11250,"date":"2024-08-28T17:15:27","date_gmt":"2024-08-28T15:15:27","guid":{"rendered":"https:\/\/lestempssauvages.fr\/?post_type=tribe_events&#038;p=11250"},"modified":"2024-08-28T17:25:18","modified_gmt":"2024-08-28T15:25:18","slug":"technopolice-la-surveillance-policiere-a-lere-de-lintelligence-artificielle-rencontre-avec-felix-treguer-le-7-novembre","status":"publish","type":"tribe_events","link":"https:\/\/lestempssauvages.fr\/index.php\/event\/technopolice-la-surveillance-policiere-a-lere-de-lintelligence-artificielle-rencontre-avec-felix-treguer-le-7-novembre\/","title":{"rendered":"Technopolice. La surveillance polici\u00e8re \u00e0 l&rsquo;\u00e8re de l&rsquo;intelligence artificielle. Rencontre avec F\u00e9lix Tr\u00e9guer le 7 novembre"},"content":{"rendered":"<div  class=\"tribe-events-schedule tribe-clearfix\" >\n\t<p class=\"tribe-events-schedule__datetime\">\n\t\t<span class=\"tribe-events-schedule__date tribe-events-schedule__date--start\">\n\t\t\t7 novembre 2024\t\t<\/span>\n\n\t\t\t\t\t<span class=\"tribe-events-schedule__separator tribe-events-schedule__separator--date\">\n\t\t\t\t @ \t\t\t<\/span>\n\t\t\t<span class=\"tribe-events-schedule__time tribe-events-schedule__time--start\">\n\t\t\t\t19h00\t\t\t<\/span>\n\t\t\n\t\t\t\t\t\t\t\t\t<span class=\"tribe-events-schedule__separator tribe-events-schedule__separator--time\">\n\t\t\t\t\t &#8211; \t\t\t\t<\/span>\n\t\t\t\n\t\t\t\t\t\t\t<span class=\"tribe-events-schedule__time tribe-events-schedule__time--end\">\n\t\t\t\t\t21h00\t\t\t\t<\/span>\n\t\t\t\n\t\t\t\t\t\t<\/p>\n<\/div>\n\n\n\n<p><\/p>\n\n\n\n<div class=\"wp-block-columns is-layout-flex wp-container-core-columns-is-layout-28f84493 wp-block-columns-is-layout-flex\">\n<div class=\"wp-block-column is-layout-flow wp-block-column-is-layout-flow\">\n<p>En France et \u00e0 travers le monde, l&rsquo;intelligence artificielle s&rsquo;enracine dans les pratiques polici\u00e8res. Des logiciels de police pr\u00e9dictive \u00e0 la vid\u00e9osurveillance automatis\u00e9e en passant par la reconnaissance faciale, l&rsquo;espace public urbain est plac\u00e9 sous contr\u00f4le s\u00e9curitaire, sous l&rsquo;\u00e9gide d&rsquo;un \u00c9tat \u00e0 l&rsquo;autoritarisme toujours plus assum\u00e9 et d&rsquo;un capitalisme de surveillance aux commandes des politiques publiques. M\u00ealant le r\u00e9cit d&rsquo;un engagement militant aux analyses issues des sciences humaines et sociales, Felix Treguer (La Quadrature du net, chercheur au CNRS) retrace ainsi les m\u00e9canismes qui pr\u00e9sident \u00e0 la technologisation croissante du maintien de l&rsquo;ordre et de la gouvernance urbaine.<\/p>\n<\/div>\n\n\n\n<div class=\"wp-block-column is-layout-flow wp-block-column-is-layout-flow\">\n<figure class=\"wp-block-image size-large\"><img loading=\"lazy\" decoding=\"async\" width=\"615\" height=\"1024\" src=\"https:\/\/lestempssauvages.fr\/wp-content\/uploads\/2024\/08\/9791097088729-615x1024.jpg\" alt=\"\" class=\"wp-image-11251\" srcset=\"https:\/\/lestempssauvages.fr\/wp-content\/uploads\/2024\/08\/9791097088729-615x1024.jpg 615w, https:\/\/lestempssauvages.fr\/wp-content\/uploads\/2024\/08\/9791097088729-180x300.jpg 180w, https:\/\/lestempssauvages.fr\/wp-content\/uploads\/2024\/08\/9791097088729.jpg 660w\" sizes=\"auto, (max-width: 615px) 100vw, 615px\" \/><\/figure>\n<\/div>\n<\/div>\n\n\n<div  class=\"tribe-block tribe-block__event-price\" >\n\t\t<\/div>\n\n\n\n\n<div  class=\"tribe-block tribe-block__venue tribe-clearfix\" >\n\t\n\t\t\n\t<\/div>\n\n\n\n\n\t<div  class=\"tribe-block tribe-block__events-link\" >\n\t\t<div class=\"tribe-events tribe-common\">\n\t\t\t<div class=\"tribe-events-c-subscribe-dropdown__container\">\n\t\t\t\t<div class=\"tribe-events-c-subscribe-dropdown\">\n\t\t\t\t\t<div class=\"tribe-common-c-btn-border tribe-events-c-subscribe-dropdown__button\">\n\t\t\t\t\t\t<svg\n\t class=\"tribe-common-c-svgicon tribe-common-c-svgicon--cal-export tribe-events-c-subscribe-dropdown__export-icon\" \taria-hidden=\"true\"\n\tviewBox=\"0 0 23 17\"\n\txmlns=\"http:\/\/www.w3.org\/2000\/svg\"\n>\n\t<path fill-rule=\"evenodd\" clip-rule=\"evenodd\" d=\"M.128.896V16.13c0 .211.145.383.323.383h15.354c.179 0 .323-.172.323-.383V.896c0-.212-.144-.383-.323-.383H.451C.273.513.128.684.128.896Zm16 6.742h-.901V4.679H1.009v10.729h14.218v-3.336h.901V7.638ZM1.01 1.614h14.218v2.058H1.009V1.614Z\" \/>\n\t<path d=\"M20.5 9.846H8.312M18.524 6.953l2.89 2.909-2.855 2.855\" stroke-width=\"1.2\" stroke-linecap=\"round\" stroke-linejoin=\"round\"\/>\n<\/svg>\n\t\t\t\t\t\t<button\n\t\t\t\t\t\t\tclass=\"tribe-events-c-subscribe-dropdown__button-text\"\n\t\t\t\t\t\t\taria-expanded=\"false\"\n\t\t\t\t\t\t\taria-controls=\"tribe-events-subscribe-dropdown-content\"\n\t\t\t\t\t\t\taria-label=\"Afficher les liens permettant d\u2019ajouter des \u00e9v\u00e8nements \u00e0 votre calendrier\"\n\t\t\t\t\t\t>\n\t\t\t\t\t\t\tAjouter au calendrier\t\t\t\t\t\t<\/button>\n\t\t\t\t\t\t<svg\n\t class=\"tribe-common-c-svgicon tribe-common-c-svgicon--caret-down tribe-events-c-subscribe-dropdown__button-icon\" \taria-hidden=\"true\"\n\tviewBox=\"0 0 10 7\"\n\txmlns=\"http:\/\/www.w3.org\/2000\/svg\"\n>\n\t<path fill-rule=\"evenodd\" clip-rule=\"evenodd\" d=\"M1.008.609L5 4.6 8.992.61l.958.958L5 6.517.05 1.566l.958-.958z\" class=\"tribe-common-c-svgicon__svg-fill\"\/>\n<\/svg>\n\t\t\t\t\t<\/div>\n\t\t\t\t\t<div id=\"tribe-events-subscribe-dropdown-content\" class=\"tribe-events-c-subscribe-dropdown__content\">\n\t\t\t\t\t\t<ul class=\"tribe-events-c-subscribe-dropdown__list\">\n\t\t\t\t\t\t\t\t\t\t\t\t\t\t\t<li class=\"tribe-events-c-subscribe-dropdown__list-item tribe-events-c-subscribe-dropdown__list-item--gcal\">\n\t\t\t\t\t\t\t\t\t<a\n\t\t\t\t\t\t\t\t\t\thref=\"https:\/\/www.google.com\/calendar\/event?action=TEMPLATE&#038;dates=20241107T190000\/20241107T210000&#038;text=Technopolice.%20La%20surveillance%20polici%C3%A8re%20%C3%A0%20l%26rsquo%3B%C3%A8re%20de%20l%26rsquo%3Bintelligence%20artificielle.%20Rencontre%20avec%20F%C3%A9lix%20Tr%C3%A9guer%20le%207%20novembre&#038;details=%3Cp%3E%3C%2Fp%3E+%3Cdiv+class%3D%22wp-block-columns%22%3E%3Cdiv+class%3D%22wp-block-column%22%3E%3Cp%3EEn+France+et+%C3%A0+travers+le+monde%2C+l%27intelligence+artificielle+s%27enracine+dans+les+pratiques+polici%C3%A8res.+Des+logiciels+de+police+pr%C3%A9dictive+%C3%A0+la+vid%C3%A9osurveillance+automatis%C3%A9e+en+passant+par+la+reconnaissance+faciale%2C+l%27espace+public+urbain+est+plac%C3%A9+sous+contr%C3%B4le+s%C3%A9curitaire%2C+sous+l%27%C3%A9gide+d%27un+%C3%89tat+%C3%A0+l%27autoritarisme+toujours+plus+assum%C3%A9+et+d%27un+capitalisme+de+surveillance+aux+commandes+des+politiques+publiques.+M%C3%AAlant+le+r%C3%A9cit+d%27un+engagement+militant+aux+analyses+issues+des+sciences+humaines+et+sociales%2C+Felix+Treguer+%28La+Quadrature+du+net%2C+chercheur+au+CNRS%29+retrace+ainsi+les+m%C3%A9canismes+qui+pr%C3%A9sident+%C3%A0+la+technologisation+croissante+du+maintien+de+l%27ordre+et+de+la+gouvernance+urbaine.%3C%2Fp%3E+%3C%2Fdiv%3E%3Cdiv+class%3D%22wp-block-column%22%3E%3Cfigure+class%3D%22wp-block-image+size-large%22%3E%3Cimg+src%3D%22https%3A%2F%2Flestempssauvages.fr%2Fwp-content%2Fuploads%2F2024%2F08%2F9791097088729-615x1024.jpg%22+alt%3D%22%22+class%3D%22wp-image-11%3C%2Ffigure%3E%3C%2Fdiv%3E%3C%2Fdiv%3E%28Voir+toute+la+description+de+%C3%A9v%C3%A8nement+ici%C2%A0%3A+https%3A%2F%2Flestempssauvages.fr%2Findex.php%2Fevent%2Ftechnopolice-la-surveillance-policiere-a-lere-de-lintelligence-artificielle-rencontre-avec-felix-treguer-le-7-novembre%2F%29&#038;trp=false&#038;ctz=Europe\/Paris&#038;sprop=website:https:\/\/lestempssauvages.fr\"\n\t\t\t\t\t\t\t\t\t\tclass=\"tribe-events-c-subscribe-dropdown__list-item-link\"\n\t\t\t\t\t\t\t\t\t\ttarget=\"_blank\"\n\t\t\t\t\t\t\t\t\t\trel=\"noopener noreferrer nofollow noindex\"\n\t\t\t\t\t\t\t\t\t>\n\t\t\t\t\t\t\t\t\t\tGoogle Agenda\t\t\t\t\t\t\t\t\t<\/a>\n\t\t\t\t\t\t\t\t<\/li>\n\t\t\t\t\t\t\t\t\t\t\t\t\t\t\t<li class=\"tribe-events-c-subscribe-dropdown__list-item tribe-events-c-subscribe-dropdown__list-item--ical\">\n\t\t\t\t\t\t\t\t\t<a\n\t\t\t\t\t\t\t\t\t\thref=\"\"\n\t\t\t\t\t\t\t\t\t\tclass=\"tribe-events-c-subscribe-dropdown__list-item-link\"\n\t\t\t\t\t\t\t\t\t\ttarget=\"_blank\"\n\t\t\t\t\t\t\t\t\t\trel=\"noopener noreferrer nofollow noindex\"\n\t\t\t\t\t\t\t\t\t>\n\t\t\t\t\t\t\t\t\t\tiCalendar\t\t\t\t\t\t\t\t\t<\/a>\n\t\t\t\t\t\t\t\t<\/li>\n\t\t\t\t\t\t\t\t\t\t\t\t\t\t\t<li class=\"tribe-events-c-subscribe-dropdown__list-item tribe-events-c-subscribe-dropdown__list-item--outlook-365\">\n\t\t\t\t\t\t\t\t\t<a\n\t\t\t\t\t\t\t\t\t\thref=\"\"\n\t\t\t\t\t\t\t\t\t\tclass=\"tribe-events-c-subscribe-dropdown__list-item-link\"\n\t\t\t\t\t\t\t\t\t\ttarget=\"_blank\"\n\t\t\t\t\t\t\t\t\t\trel=\"noopener noreferrer nofollow noindex\"\n\t\t\t\t\t\t\t\t\t>\n\t\t\t\t\t\t\t\t\t\tOutlook 365\t\t\t\t\t\t\t\t\t<\/a>\n\t\t\t\t\t\t\t\t<\/li>\n\t\t\t\t\t\t\t\t\t\t\t\t\t\t\t<li class=\"tribe-events-c-subscribe-dropdown__list-item tribe-events-c-subscribe-dropdown__list-item--outlook-live\">\n\t\t\t\t\t\t\t\t\t<a\n\t\t\t\t\t\t\t\t\t\thref=\"\"\n\t\t\t\t\t\t\t\t\t\tclass=\"tribe-events-c-subscribe-dropdown__list-item-link\"\n\t\t\t\t\t\t\t\t\t\ttarget=\"_blank\"\n\t\t\t\t\t\t\t\t\t\trel=\"noopener noreferrer nofollow noindex\"\n\t\t\t\t\t\t\t\t\t>\n\t\t\t\t\t\t\t\t\t\tOutlook Live\t\t\t\t\t\t\t\t\t<\/a>\n\t\t\t\t\t\t\t\t<\/li>\n\t\t\t\t\t\t\t\t\t\t\t\t\t<\/ul>\n\t\t\t\t\t<\/div>\n\t\t\t\t<\/div>\n\t\t\t<\/div>\n\t\t<\/div>\n\t<\/div>\n\n","protected":false},"excerpt":{"rendered":"<p>En France et \u00e0 travers le monde, l&rsquo;intelligence artificielle s&rsquo;enracine dans les pratiques polici\u00e8res. Des logiciels de police pr\u00e9dictive \u00e0 la vid\u00e9osurveillance automatis\u00e9e en passant par la reconnaissance faciale, l&rsquo;espace &hellip;<\/p>\n<p class=\"read-more\"> <a class=\"\" href=\"https:\/\/lestempssauvages.fr\/index.php\/event\/technopolice-la-surveillance-policiere-a-lere-de-lintelligence-artificielle-rencontre-avec-felix-treguer-le-7-novembre\/\"> <span class=\"screen-reader-text\">Technopolice. La surveillance polici\u00e8re \u00e0 l&rsquo;\u00e8re de l&rsquo;intelligence artificielle. Rencontre avec F\u00e9lix Tr\u00e9guer le 7 novembre<\/span> Lire la suite\u00a0\u00bb<\/a><\/p>\n","protected":false},"author":1,"featured_media":11251,"template":"","meta":{"site-sidebar-layout":"default","site-content-layout":"","ast-site-content-layout":"default","site-content-style":"default","site-sidebar-style":"default","ast-global-header-display":"","ast-banner-title-visibility":"","ast-main-header-display":"","ast-hfb-above-header-display":"","ast-hfb-below-header-display":"","ast-hfb-mobile-header-display":"","site-post-title":"","ast-breadcrumbs-content":"","ast-featured-img":"","footer-sml-layout":"","theme-transparent-header-meta":"","adv-header-id-meta":"","stick-header-meta":"","header-above-stick-meta":"","header-main-stick-meta":"","header-below-stick-meta":"","astra-migrate-meta-layouts":"set","ngg_post_thumbnail":0,"_EventAllDay":false,"_EventTimezone":"Europe\/Paris","_EventStartDate":"2024-11-07 19:00:00","_EventEndDate":"2024-11-07 21:00:00","_EventStartDateUTC":"2024-11-07 18:00:00","_EventEndDateUTC":"2024-11-07 20:00:00","_EventShowMap":false,"_EventShowMapLink":false,"_EventURL":"","_EventCost":"","_EventCostDescription":"","_EventCurrencySymbol":"\u20ac","_EventCurrencyCode":"EUR","_EventCurrencyPosition":"prefix","_EventDateTimeSeparator":" @ ","_EventTimeRangeSeparator":" - ","_EventOrganizerID":[],"_EventVenueID":[],"_OrganizerEmail":"","_OrganizerPhone":"","_OrganizerWebsite":"","_VenueAddress":"","_VenueCity":"","_VenueCountry":"","_VenueProvince":"","_VenueState":"","_VenueZip":"","_VenuePhone":"","_VenueURL":"","_VenueStateProvince":"","_VenueLat":"","_VenueLng":"","_VenueShowMap":false,"_VenueShowMapLink":false,"_tribe_events_status":"","_tribe_events_status_reason":"","footnotes":""},"tags":[],"tribe_events_cat":[],"class_list":["post-11250","tribe_events","type-tribe_events","status-publish","has-post-thumbnail","hentry"],"aioseo_notices":[],"_links":{"self":[{"href":"https:\/\/lestempssauvages.fr\/index.php\/wp-json\/wp\/v2\/tribe_events\/11250","targetHints":{"allow":["GET"]}}],"collection":[{"href":"https:\/\/lestempssauvages.fr\/index.php\/wp-json\/wp\/v2\/tribe_events"}],"about":[{"href":"https:\/\/lestempssauvages.fr\/index.php\/wp-json\/wp\/v2\/types\/tribe_events"}],"author":[{"embeddable":true,"href":"https:\/\/lestempssauvages.fr\/index.php\/wp-json\/wp\/v2\/users\/1"}],"version-history":[{"count":1,"href":"https:\/\/lestempssauvages.fr\/index.php\/wp-json\/wp\/v2\/tribe_events\/11250\/revisions"}],"predecessor-version":[{"id":11252,"href":"https:\/\/lestempssauvages.fr\/index.php\/wp-json\/wp\/v2\/tribe_events\/11250\/revisions\/11252"}],"wp:featuredmedia":[{"embeddable":true,"href":"https:\/\/lestempssauvages.fr\/index.php\/wp-json\/wp\/v2\/media\/11251"}],"wp:attachment":[{"href":"https:\/\/lestempssauvages.fr\/index.php\/wp-json\/wp\/v2\/media?parent=11250"}],"wp:term":[{"taxonomy":"post_tag","embeddable":true,"href":"https:\/\/lestempssauvages.fr\/index.php\/wp-json\/wp\/v2\/tags?post=11250"},{"taxonomy":"tribe_events_cat","embeddable":true,"href":"https:\/\/lestempssauvages.fr\/index.php\/wp-json\/wp\/v2\/tribe_events_cat?post=11250"}],"curies":[{"name":"wp","href":"https:\/\/api.w.org\/{rel}","templated":true}]}}